{"id":907,"date":"2023-04-03T21:18:28","date_gmt":"2023-04-03T20:18:28","guid":{"rendered":"https:\/\/parafia-jezowsudecki.pl\/?page_id=907"},"modified":"2024-04-24T21:38:27","modified_gmt":"2024-04-24T20:38:27","slug":"ogloszenia-parafialne","status":"publish","type":"page","link":"https:\/\/parafia-jezowsudecki.pl\/index.php\/ogloszenia-parafialne\/","title":{"rendered":"Og\u0142oszenia Parafialne"},"content":{"rendered":"\n<p class=\"wp-block-paragraph\"><\/p>\n\n\n\n<div class=\"wp-block-query is-layout-flow wp-block-query-is-layout-flow\"><ul class=\"ticss-77307c6e wp-block-post-template is-layout-flow wp-block-post-template-is-layout-flow\"><li class=\"wp-block-post post-2652 post type-post status-publish format-standard hentry category-ogloszenia-parafialne\">\n\n<hr class=\"wp-block-separator has-alpha-channel-opacity is-style-wide\"\/>\n\n\n\n<hr class=\"wp-block-separator has-alpha-channel-opacity is-style-wide\"\/>\n\n\n\n\n<h2 class=\"has-text-align-center wp-block-post-title\">Og\u0142oszenia parafialne 23.08.2026<\/h2>\n\n<div class=\"entry-content wp-block-post-content is-layout-flow wp-block-post-content-is-layout-flow\"><p><img decoding=\"async\" data-src=\"https:\/\/parafia-jezowsudecki.pl\/wp-content\/uploads\/2026\/08\/camscanner-23.08.2026-08.39_1-2.jpg\" class=\"size-full wp-image-2655 lazyload\" width=\"1124\" height=\"1620\" data-srcset=\"https:\/\/parafia-jezowsudecki.pl\/wp-content\/uploads\/2026\/08\/camscanner-23.08.2026-08.39_1-2.jpg 1124w, https:\/\/parafia-jezowsudecki.pl\/wp-content\/uploads\/2026\/08\/camscanner-23.08.2026-08.39_1-2-208x300.jpg 208w, https:\/\/parafia-jezowsudecki.pl\/wp-content\/uploads\/2026\/08\/camscanner-23.08.2026-08.39_1-2-710x1024.jpg 710w, https:\/\/parafia-jezowsudecki.pl\/wp-content\/uploads\/2026\/08\/camscanner-23.08.2026-08.39_1-2-768x1107.jpg 768w, https:\/\/parafia-jezowsudecki.pl\/wp-content\/uploads\/2026\/08\/camscanner-23.08.2026-08.39_1-2-1066x1536.jpg 1066w\" data-sizes=\"(max-width: 1124px) 100vw, 1124px\" src=\"data:image\/svg+xml;base64,PHN2ZyB3aWR0aD0iMSIgaGVpZ2h0PSIxIiB4bWxucz0iaHR0cDovL3d3dy53My5vcmcvMjAwMC9zdmciPjwvc3ZnPg==\" style=\"--smush-placeholder-width: 1124px; --smush-placeholder-aspect-ratio: 1124\/1620;\" \/><\/p>\n<p><img decoding=\"async\" data-src=\"https:\/\/parafia-jezowsudecki.pl\/wp-content\/uploads\/2026\/08\/camscanner-23.08.2026-08.39_2-1.jpg\" class=\"size-full wp-image-2656 lazyload\" width=\"1112\" height=\"1612\" data-srcset=\"https:\/\/parafia-jezowsudecki.pl\/wp-content\/uploads\/2026\/08\/camscanner-23.08.2026-08.39_2-1.jpg 1112w, https:\/\/parafia-jezowsudecki.pl\/wp-content\/uploads\/2026\/08\/camscanner-23.08.2026-08.39_2-1-207x300.jpg 207w, https:\/\/parafia-jezowsudecki.pl\/wp-content\/uploads\/2026\/08\/camscanner-23.08.2026-08.39_2-1-706x1024.jpg 706w, https:\/\/parafia-jezowsudecki.pl\/wp-content\/uploads\/2026\/08\/camscanner-23.08.2026-08.39_2-1-768x1113.jpg 768w, https:\/\/parafia-jezowsudecki.pl\/wp-content\/uploads\/2026\/08\/camscanner-23.08.2026-08.39_2-1-1060x1536.jpg 1060w\" data-sizes=\"(max-width: 1112px) 100vw, 1112px\" src=\"data:image\/svg+xml;base64,PHN2ZyB3aWR0aD0iMSIgaGVpZ2h0PSIxIiB4bWxucz0iaHR0cDovL3d3dy53My5vcmcvMjAwMC9zdmciPjwvc3ZnPg==\" style=\"--smush-placeholder-width: 1112px; --smush-placeholder-aspect-ratio: 1112\/1612;\" \/><\/p>\n<\/div>\n<\/li><li class=\"wp-block-post post-2628 post type-post status-publish format-standard hentry category-ogloszenia-parafialne\">\n\n<hr class=\"wp-block-separator has-alpha-channel-opacity is-style-wide\"\/>\n\n\n\n<hr class=\"wp-block-separator has-alpha-channel-opacity is-style-wide\"\/>\n\n\n<div class=\"wp-block-post-date__modified-date has-text-align-center wp-block-post-date has-text-color has-nv-light-bg-color\"><a href=\"https:\/\/parafia-jezowsudecki.pl\/index.php\/2026\/08\/16\/ogloszenia-parafialne-16-08-2026\/\"><time datetime=\"2026-08-17T06:10:52+01:00\">17 sie 2026<\/time><\/a><\/div>\n\n<h2 class=\"has-text-align-center wp-block-post-title\">Og\u0142oszenia parafialne 16.08.2026<\/h2>\n\n<div class=\"entry-content wp-block-post-content is-layout-flow wp-block-post-content-is-layout-flow\"><p><img decoding=\"async\" data-src=\"https:\/\/parafia-jezowsudecki.pl\/wp-content\/uploads\/2026\/08\/camscanner-16.08.2026-08.06_1-2.jpg\" class=\"size-full wp-image-2631 lazyload\" width=\"1160\" height=\"1692\" data-srcset=\"https:\/\/parafia-jezowsudecki.pl\/wp-content\/uploads\/2026\/08\/camscanner-16.08.2026-08.06_1-2.jpg 1160w, https:\/\/parafia-jezowsudecki.pl\/wp-content\/uploads\/2026\/08\/camscanner-16.08.2026-08.06_1-2-206x300.jpg 206w, https:\/\/parafia-jezowsudecki.pl\/wp-content\/uploads\/2026\/08\/camscanner-16.08.2026-08.06_1-2-702x1024.jpg 702w, https:\/\/parafia-jezowsudecki.pl\/wp-content\/uploads\/2026\/08\/camscanner-16.08.2026-08.06_1-2-768x1120.jpg 768w, https:\/\/parafia-jezowsudecki.pl\/wp-content\/uploads\/2026\/08\/camscanner-16.08.2026-08.06_1-2-1053x1536.jpg 1053w\" data-sizes=\"(max-width: 1160px) 100vw, 1160px\" src=\"data:image\/svg+xml;base64,PHN2ZyB3aWR0aD0iMSIgaGVpZ2h0PSIxIiB4bWxucz0iaHR0cDovL3d3dy53My5vcmcvMjAwMC9zdmciPjwvc3ZnPg==\" style=\"--smush-placeholder-width: 1160px; --smush-placeholder-aspect-ratio: 1160\/1692;\" \/><\/p>\n<p><img decoding=\"async\" data-src=\"https:\/\/parafia-jezowsudecki.pl\/wp-content\/uploads\/2026\/08\/camscanner-16.08.2026-08.06_2-1.jpg\" class=\"size-full wp-image-2632 lazyload\" width=\"1204\" height=\"1596\" data-srcset=\"https:\/\/parafia-jezowsudecki.pl\/wp-content\/uploads\/2026\/08\/camscanner-16.08.2026-08.06_2-1.jpg 1204w, https:\/\/parafia-jezowsudecki.pl\/wp-content\/uploads\/2026\/08\/camscanner-16.08.2026-08.06_2-1-226x300.jpg 226w, https:\/\/parafia-jezowsudecki.pl\/wp-content\/uploads\/2026\/08\/camscanner-16.08.2026-08.06_2-1-772x1024.jpg 772w, https:\/\/parafia-jezowsudecki.pl\/wp-content\/uploads\/2026\/08\/camscanner-16.08.2026-08.06_2-1-768x1018.jpg 768w, https:\/\/parafia-jezowsudecki.pl\/wp-content\/uploads\/2026\/08\/camscanner-16.08.2026-08.06_2-1-1159x1536.jpg 1159w\" data-sizes=\"(max-width: 1204px) 100vw, 1204px\" src=\"data:image\/svg+xml;base64,PHN2ZyB3aWR0aD0iMSIgaGVpZ2h0PSIxIiB4bWxucz0iaHR0cDovL3d3dy53My5vcmcvMjAwMC9zdmciPjwvc3ZnPg==\" style=\"--smush-placeholder-width: 1204px; --smush-placeholder-aspect-ratio: 1204\/1596;\" \/><\/p>\n<p><img decoding=\"async\" data-src=\"https:\/\/parafia-jezowsudecki.pl\/wp-content\/uploads\/2026\/08\/camscanner-16.08.2026-08.06_3-1.jpg\" class=\"size-full wp-image-2633 lazyload\" width=\"1132\" height=\"1628\" data-srcset=\"https:\/\/parafia-jezowsudecki.pl\/wp-content\/uploads\/2026\/08\/camscanner-16.08.2026-08.06_3-1.jpg 1132w, https:\/\/parafia-jezowsudecki.pl\/wp-content\/uploads\/2026\/08\/camscanner-16.08.2026-08.06_3-1-209x300.jpg 209w, https:\/\/parafia-jezowsudecki.pl\/wp-content\/uploads\/2026\/08\/camscanner-16.08.2026-08.06_3-1-712x1024.jpg 712w, https:\/\/parafia-jezowsudecki.pl\/wp-content\/uploads\/2026\/08\/camscanner-16.08.2026-08.06_3-1-768x1105.jpg 768w, https:\/\/parafia-jezowsudecki.pl\/wp-content\/uploads\/2026\/08\/camscanner-16.08.2026-08.06_3-1-1068x1536.jpg 1068w\" data-sizes=\"(max-width: 1132px) 100vw, 1132px\" src=\"data:image\/svg+xml;base64,PHN2ZyB3aWR0aD0iMSIgaGVpZ2h0PSIxIiB4bWxucz0iaHR0cDovL3d3dy53My5vcmcvMjAwMC9zdmciPjwvc3ZnPg==\" style=\"--smush-placeholder-width: 1132px; --smush-placeholder-aspect-ratio: 1132\/1628;\" \/><\/p>\n<\/div>\n<\/li><li class=\"wp-block-post post-2617 post type-post status-publish format-standard hentry category-ogloszenia-parafialne\">\n\n<hr class=\"wp-block-separator has-alpha-channel-opacity is-style-wide\"\/>\n\n\n\n<hr class=\"wp-block-separator has-alpha-channel-opacity is-style-wide\"\/>\n\n\n\n\n<h2 class=\"has-text-align-center wp-block-post-title\">Og\u0142oszenia parafialne 9.08.2026<\/h2>\n\n<div class=\"entry-content wp-block-post-content is-layout-flow wp-block-post-content-is-layout-flow\"><figure><img decoding=\"async\" data-src=\"https:\/\/parafia-jezowsudecki.pl\/wp-content\/uploads\/2026\/08\/camscanner-9.08.2026-21.08_2.jpg\" class=\"size-full lazyload\" src=\"data:image\/svg+xml;base64,PHN2ZyB3aWR0aD0iMSIgaGVpZ2h0PSIxIiB4bWxucz0iaHR0cDovL3d3dy53My5vcmcvMjAwMC9zdmciPjwvc3ZnPg==\" style=\"--smush-placeholder-width: 1413px; --smush-placeholder-aspect-ratio: 1413\/2000;\"><img decoding=\"async\" data-src=\"https:\/\/parafia-jezowsudecki.pl\/wp-content\/uploads\/2026\/08\/camscanner-9.08.2026-21.08_3.jpg\" class=\"size-full lazyload\" src=\"data:image\/svg+xml;base64,PHN2ZyB3aWR0aD0iMSIgaGVpZ2h0PSIxIiB4bWxucz0iaHR0cDovL3d3dy53My5vcmcvMjAwMC9zdmciPjwvc3ZnPg==\" style=\"--smush-placeholder-width: 1676px; --smush-placeholder-aspect-ratio: 1676\/2000;\"><img decoding=\"async\" data-src=\"https:\/\/parafia-jezowsudecki.pl\/wp-content\/uploads\/2026\/08\/camscanner-9.08.2026-21.08_1.jpg\" class=\"size-full lazyload\" src=\"data:image\/svg+xml;base64,PHN2ZyB3aWR0aD0iMSIgaGVpZ2h0PSIxIiB4bWxucz0iaHR0cDovL3d3dy53My5vcmcvMjAwMC9zdmciPjwvc3ZnPg==\" style=\"--smush-placeholder-width: 1407px; --smush-placeholder-aspect-ratio: 1407\/2000;\"><\/figure>\n<figure><\/figure>\n<figure><\/figure>\n<\/div>\n<\/li><li class=\"wp-block-post post-2612 post type-post status-publish format-standard hentry category-ogloszenia-parafialne\">\n\n<hr class=\"wp-block-separator has-alpha-channel-opacity is-style-wide\"\/>\n\n\n\n<hr class=\"wp-block-separator has-alpha-channel-opacity is-style-wide\"\/>\n\n\n\n\n<h2 class=\"has-text-align-center wp-block-post-title\">Og\u0142oszenia parafialne 2.08.2026<\/h2>\n\n<div class=\"entry-content wp-block-post-content is-layout-flow wp-block-post-content-is-layout-flow\"><figure><img decoding=\"async\" data-src=\"https:\/\/parafia-jezowsudecki.pl\/wp-content\/uploads\/2026\/08\/camscanner-2.08.2026-20.39_1.jpg\" class=\"size-full lazyload\" src=\"data:image\/svg+xml;base64,PHN2ZyB3aWR0aD0iMSIgaGVpZ2h0PSIxIiB4bWxucz0iaHR0cDovL3d3dy53My5vcmcvMjAwMC9zdmciPjwvc3ZnPg==\" style=\"--smush-placeholder-width: 1393px; --smush-placeholder-aspect-ratio: 1393\/2000;\"><img decoding=\"async\" data-src=\"https:\/\/parafia-jezowsudecki.pl\/wp-content\/uploads\/2026\/08\/camscanner-2.08.2026-20.39_2.jpg\" class=\"size-full lazyload\" src=\"data:image\/svg+xml;base64,PHN2ZyB3aWR0aD0iMSIgaGVpZ2h0PSIxIiB4bWxucz0iaHR0cDovL3d3dy53My5vcmcvMjAwMC9zdmciPjwvc3ZnPg==\" style=\"--smush-placeholder-width: 1391px; --smush-placeholder-aspect-ratio: 1391\/2000;\"><\/figure>\n<figure><\/figure>\n<\/div>\n<\/li><li class=\"wp-block-post post-2608 post type-post status-publish format-standard hentry category-aktualnosci category-ogloszenia-parafialne\">\n\n<hr class=\"wp-block-separator has-alpha-channel-opacity is-style-wide\"\/>\n\n\n\n<hr class=\"wp-block-separator has-alpha-channel-opacity is-style-wide\"\/>\n\n\n<div class=\"wp-block-post-date__modified-date has-text-align-center wp-block-post-date has-text-color has-nv-light-bg-color\"><a href=\"https:\/\/parafia-jezowsudecki.pl\/index.php\/2026\/07\/28\/ogloszenia-parafialne-26-07-2026\/\"><time datetime=\"2026-07-28T06:35:41+01:00\">28 lip 2026<\/time><\/a><\/div>\n\n<h2 class=\"has-text-align-center wp-block-post-title\">Og\u0142oszenia Parafialne 26.07.2026<\/h2>\n\n<div class=\"entry-content wp-block-post-content is-layout-flow wp-block-post-content-is-layout-flow\"><figure><img decoding=\"async\" data-src=\"https:\/\/parafia-jezowsudecki.pl\/wp-content\/uploads\/2026\/07\/camscanner-28.07.2026-07.29_1.jpg\" class=\"size-full lazyload\" src=\"data:image\/svg+xml;base64,PHN2ZyB3aWR0aD0iMSIgaGVpZ2h0PSIxIiB4bWxucz0iaHR0cDovL3d3dy53My5vcmcvMjAwMC9zdmciPjwvc3ZnPg==\" style=\"--smush-placeholder-width: 1176px; --smush-placeholder-aspect-ratio: 1176\/1708;\"><img decoding=\"async\" data-src=\"https:\/\/parafia-jezowsudecki.pl\/wp-content\/uploads\/2026\/07\/camscanner-28.07.2026-07.29_2.jpg\" class=\"size-full lazyload\" src=\"data:image\/svg+xml;base64,PHN2ZyB3aWR0aD0iMSIgaGVpZ2h0PSIxIiB4bWxucz0iaHR0cDovL3d3dy53My5vcmcvMjAwMC9zdmciPjwvc3ZnPg==\" style=\"--smush-placeholder-width: 1180px; --smush-placeholder-aspect-ratio: 1180\/1624;\"><\/figure>\n<figure><\/figure>\n<\/div>\n<\/li><li class=\"wp-block-post post-2604 post type-post status-publish format-standard hentry category-ogloszenia-parafialne\">\n\n<hr class=\"wp-block-separator has-alpha-channel-opacity is-style-wide\"\/>\n\n\n\n<hr class=\"wp-block-separator has-alpha-channel-opacity is-style-wide\"\/>\n\n\n\n\n<h2 class=\"has-text-align-center wp-block-post-title\">Og\u0142oszenia parafialne 19.07.2026<\/h2>\n\n<div class=\"entry-content wp-block-post-content is-layout-flow wp-block-post-content-is-layout-flow\"><figure><img decoding=\"async\" data-src=\"https:\/\/parafia-jezowsudecki.pl\/wp-content\/uploads\/2026\/07\/camscanner-19.07.2026-12.49_2.jpg\" class=\"size-full lazyload\" src=\"data:image\/svg+xml;base64,PHN2ZyB3aWR0aD0iMSIgaGVpZ2h0PSIxIiB4bWxucz0iaHR0cDovL3d3dy53My5vcmcvMjAwMC9zdmciPjwvc3ZnPg==\" style=\"--smush-placeholder-width: 1016px; --smush-placeholder-aspect-ratio: 1016\/1476;\"><img decoding=\"async\" data-src=\"https:\/\/parafia-jezowsudecki.pl\/wp-content\/uploads\/2026\/07\/camscanner-19.07.2026-12.49_1.jpg\" class=\"size-full lazyload\" src=\"data:image\/svg+xml;base64,PHN2ZyB3aWR0aD0iMSIgaGVpZ2h0PSIxIiB4bWxucz0iaHR0cDovL3d3dy53My5vcmcvMjAwMC9zdmciPjwvc3ZnPg==\" style=\"--smush-placeholder-width: 1080px; --smush-placeholder-aspect-ratio: 1080\/1544;\"><\/figure>\n<figure><\/figure>\n<\/div>\n<\/li><\/ul>\n\n<nav class=\"wp-block-query-pagination is-layout-flex wp-block-query-pagination-is-layout-flex\" aria-label=\"Stronicowanie\">\n\n\n<div class=\"wp-block-query-pagination-numbers\"><span aria-current=\"page\" class=\"page-numbers current\">1<\/span>\n<a class=\"page-numbers\" href=\"?query-23-page=2\">2<\/a>\n<a class=\"page-numbers\" href=\"?query-23-page=3\">3<\/a><\/div>\n\n<a href=\"\/index.php\/wp-json\/wp\/v2\/pages\/907?query-23-page=2\" class=\"wp-block-query-pagination-next\">Nast\u0119pna strona<\/a>\n<\/nav>\n\n<\/div>\n","protected":false},"excerpt":{"rendered":"","protected":false},"author":1,"featured_media":0,"parent":0,"menu_order":0,"comment_status":"closed","ping_status":"closed","template":"","meta":{"_sitemap_exclude":false,"_sitemap_priority":"","_sitemap_frequency":"","_monsterinsights_skip_tracking":false,"_uf_show_specific_survey":0,"_uf_disable_surveys":false,"neve_meta_sidebar":"right","neve_meta_container":"","neve_meta_enable_content_width":"","neve_meta_content_width":70,"neve_meta_title_alignment":"center","neve_meta_author_avatar":"","neve_post_elements_order":"","neve_meta_disable_header":"","neve_meta_disable_footer":"","neve_meta_disable_title":"","_themeisle_gutenberg_block_has_review":false,"footnotes":""},"class_list":["post-907","page","type-page","status-publish","hentry"],"aioseo_notices":[],"aioseo_head":"\n\t\t<!-- All in One SEO 5.0.1.1 - aioseo.com -->\n\t<meta name=\"robots\" content=\"max-image-preview:large\" \/>\n\t<link rel=\"canonical\" href=\"https:\/\/parafia-jezowsudecki.pl\/index.php\/ogloszenia-parafialne\/\" \/>\n\t<meta name=\"generator\" content=\"All in One SEO (AIOSEO) 5.0.1.1\" \/>\n\t\t<meta property=\"og:locale\" content=\"pl_PL\" \/>\n\t\t<meta property=\"og:site_name\" content=\"PARAFIA \u015aW. MICHA\u0141A ARCHANIO\u0141A W JE\u017bOWIE SUDECKIM - Msze \u015awi\u0119te: NIEDZIELE: ko\u015bci\u00f3\u0142 \u015bw. Stanis\u0142awa: 8.00, 10.00, 12.00; ko\u015bci\u00f3\u0142 \u015bw. Micha\u0142a Archanio\u0142a: 17.00. DNI POWSZEDNIE: ko\u015bci\u00f3\u0142 \u015bw. Stanis\u0142awa: 17.50\" \/>\n\t\t<meta property=\"og:type\" content=\"article\" \/>\n\t\t<meta property=\"og:title\" content=\"Og\u0142oszenia Parafialne - PARAFIA \u015aW. MICHA\u0141A ARCHANIO\u0141A W JE\u017bOWIE SUDECKIM\" \/>\n\t\t<meta property=\"og:url\" content=\"https:\/\/parafia-jezowsudecki.pl\/index.php\/ogloszenia-parafialne\/\" \/>\n\t\t<meta property=\"article:published_time\" content=\"2023-04-03T20:18:28+00:00\" \/>\n\t\t<meta property=\"article:modified_time\" content=\"2024-04-24T20:38:27+00:00\" \/>\n\t\t<meta name=\"twitter:card\" content=\"summary_large_image\" \/>\n\t\t<meta name=\"twitter:title\" content=\"Og\u0142oszenia Parafialne - PARAFIA \u015aW. MICHA\u0141A ARCHANIO\u0141A W JE\u017bOWIE SUDECKIM\" \/>\n\t\t<script type=\"application\/ld+json\" class=\"aioseo-schema\">\n\t\t\t{\"@context\":\"https:\\\/\\\/schema.org\",\"@graph\":[{\"@type\":\"BreadcrumbList\",\"@id\":\"https:\\\/\\\/parafia-jezowsudecki.pl\\\/index.php\\\/ogloszenia-parafialne\\\/#breadcrumblist\",\"itemListElement\":[{\"@type\":\"ListItem\",\"@id\":\"https:\\\/\\\/parafia-jezowsudecki.pl#listItem\",\"position\":1,\"name\":\"Home\",\"item\":\"https:\\\/\\\/parafia-jezowsudecki.pl\",\"nextItem\":{\"@type\":\"ListItem\",\"@id\":\"https:\\\/\\\/parafia-jezowsudecki.pl\\\/index.php\\\/ogloszenia-parafialne\\\/#listItem\",\"name\":\"Og\\u0142oszenia Parafialne\"}},{\"@type\":\"ListItem\",\"@id\":\"https:\\\/\\\/parafia-jezowsudecki.pl\\\/index.php\\\/ogloszenia-parafialne\\\/#listItem\",\"position\":2,\"name\":\"Og\\u0142oszenia Parafialne\",\"previousItem\":{\"@type\":\"ListItem\",\"@id\":\"https:\\\/\\\/parafia-jezowsudecki.pl#listItem\",\"name\":\"Home\"}}]},{\"@type\":\"Organization\",\"@id\":\"https:\\\/\\\/parafia-jezowsudecki.pl\\\/#organization\",\"name\":\"PARAFIA \\u015aW. MICHA\\u0141A ARCHANIO\\u0141A W JE\\u017bOWIE SUDECKIM\",\"description\":\"Msze \\u015awi\\u0119te: NIEDZIELE: ko\\u015bci\\u00f3\\u0142 \\u015bw. Stanis\\u0142awa: 8.00, 10.00, 12.00; ko\\u015bci\\u00f3\\u0142 \\u015bw. Micha\\u0142a Archanio\\u0142a: 17.00. DNI POWSZEDNIE: ko\\u015bci\\u00f3\\u0142 \\u015bw. Stanis\\u0142awa: 17.50\",\"url\":\"https:\\\/\\\/parafia-jezowsudecki.pl\\\/\",\"logo\":{\"@type\":\"ImageObject\",\"url\":\"https:\\\/\\\/parafia-jezowsudecki.pl\\\/wp-content\\\/uploads\\\/2025\\\/01\\\/sw-michal.jpeg\",\"@id\":\"https:\\\/\\\/parafia-jezowsudecki.pl\\\/index.php\\\/ogloszenia-parafialne\\\/#organizationLogo\",\"width\":730,\"height\":1024},\"image\":{\"@id\":\"https:\\\/\\\/parafia-jezowsudecki.pl\\\/index.php\\\/ogloszenia-parafialne\\\/#organizationLogo\"}},{\"@type\":\"WebPage\",\"@id\":\"https:\\\/\\\/parafia-jezowsudecki.pl\\\/index.php\\\/ogloszenia-parafialne\\\/#webpage\",\"url\":\"https:\\\/\\\/parafia-jezowsudecki.pl\\\/index.php\\\/ogloszenia-parafialne\\\/\",\"name\":\"Og\\u0142oszenia Parafialne - PARAFIA \\u015aW. MICHA\\u0141A ARCHANIO\\u0141A W JE\\u017bOWIE SUDECKIM\",\"inLanguage\":\"pl-PL\",\"isPartOf\":{\"@id\":\"https:\\\/\\\/parafia-jezowsudecki.pl\\\/#website\"},\"breadcrumb\":{\"@id\":\"https:\\\/\\\/parafia-jezowsudecki.pl\\\/index.php\\\/ogloszenia-parafialne\\\/#breadcrumblist\"},\"datePublished\":\"2023-04-03T21:18:28+01:00\",\"dateModified\":\"2024-04-24T21:38:27+01:00\"},{\"@type\":\"WebSite\",\"@id\":\"https:\\\/\\\/parafia-jezowsudecki.pl\\\/#website\",\"url\":\"https:\\\/\\\/parafia-jezowsudecki.pl\\\/\",\"name\":\"PARAFIA \\u015aW. MICHA\\u0141A ARCHANIO\\u0141A W JE\\u017bOWIE SUDECKIM\",\"description\":\"Msze \\u015awi\\u0119te: NIEDZIELE: ko\\u015bci\\u00f3\\u0142 \\u015bw. Stanis\\u0142awa: 8.00, 10.00, 12.00; ko\\u015bci\\u00f3\\u0142 \\u015bw. Micha\\u0142a Archanio\\u0142a: 17.00. DNI POWSZEDNIE: ko\\u015bci\\u00f3\\u0142 \\u015bw. Stanis\\u0142awa: 17.50\",\"inLanguage\":\"pl-PL\",\"publisher\":{\"@id\":\"https:\\\/\\\/parafia-jezowsudecki.pl\\\/#organization\"}}]}\n\t\t<\/script>\n\t\t<!-- All in One SEO -->\n\n","aioseo_head_json":{"title":"Og\u0142oszenia Parafialne - PARAFIA \u015aW. MICHA\u0141A ARCHANIO\u0141A W JE\u017bOWIE SUDECKIM","description":"","canonical_url":"https:\/\/parafia-jezowsudecki.pl\/index.php\/ogloszenia-parafialne\/","robots":"max-image-preview:large","keywords":"","webmasterTools":{"miscellaneous":""},"schema":{"@context":"https:\/\/schema.org","@graph":[{"@type":"BreadcrumbList","@id":"https:\/\/parafia-jezowsudecki.pl\/index.php\/ogloszenia-parafialne\/#breadcrumblist","itemListElement":[{"@type":"ListItem","@id":"https:\/\/parafia-jezowsudecki.pl#listItem","position":1,"name":"Home","item":"https:\/\/parafia-jezowsudecki.pl","nextItem":{"@type":"ListItem","@id":"https:\/\/parafia-jezowsudecki.pl\/index.php\/ogloszenia-parafialne\/#listItem","name":"Og\u0142oszenia Parafialne"}},{"@type":"ListItem","@id":"https:\/\/parafia-jezowsudecki.pl\/index.php\/ogloszenia-parafialne\/#listItem","position":2,"name":"Og\u0142oszenia Parafialne","previousItem":{"@type":"ListItem","@id":"https:\/\/parafia-jezowsudecki.pl#listItem","name":"Home"}}]},{"@type":"Organization","@id":"https:\/\/parafia-jezowsudecki.pl\/#organization","name":"PARAFIA \u015aW. MICHA\u0141A ARCHANIO\u0141A W JE\u017bOWIE SUDECKIM","description":"Msze \u015awi\u0119te: NIEDZIELE: ko\u015bci\u00f3\u0142 \u015bw. Stanis\u0142awa: 8.00, 10.00, 12.00; ko\u015bci\u00f3\u0142 \u015bw. Micha\u0142a Archanio\u0142a: 17.00. DNI POWSZEDNIE: ko\u015bci\u00f3\u0142 \u015bw. Stanis\u0142awa: 17.50","url":"https:\/\/parafia-jezowsudecki.pl\/","logo":{"@type":"ImageObject","url":"https:\/\/parafia-jezowsudecki.pl\/wp-content\/uploads\/2025\/01\/sw-michal.jpeg","@id":"https:\/\/parafia-jezowsudecki.pl\/index.php\/ogloszenia-parafialne\/#organizationLogo","width":730,"height":1024},"image":{"@id":"https:\/\/parafia-jezowsudecki.pl\/index.php\/ogloszenia-parafialne\/#organizationLogo"}},{"@type":"WebPage","@id":"https:\/\/parafia-jezowsudecki.pl\/index.php\/ogloszenia-parafialne\/#webpage","url":"https:\/\/parafia-jezowsudecki.pl\/index.php\/ogloszenia-parafialne\/","name":"Og\u0142oszenia Parafialne - PARAFIA \u015aW. MICHA\u0141A ARCHANIO\u0141A W JE\u017bOWIE SUDECKIM","inLanguage":"pl-PL","isPartOf":{"@id":"https:\/\/parafia-jezowsudecki.pl\/#website"},"breadcrumb":{"@id":"https:\/\/parafia-jezowsudecki.pl\/index.php\/ogloszenia-parafialne\/#breadcrumblist"},"datePublished":"2023-04-03T21:18:28+01:00","dateModified":"2024-04-24T21:38:27+01:00"},{"@type":"WebSite","@id":"https:\/\/parafia-jezowsudecki.pl\/#website","url":"https:\/\/parafia-jezowsudecki.pl\/","name":"PARAFIA \u015aW. MICHA\u0141A ARCHANIO\u0141A W JE\u017bOWIE SUDECKIM","description":"Msze \u015awi\u0119te: NIEDZIELE: ko\u015bci\u00f3\u0142 \u015bw. Stanis\u0142awa: 8.00, 10.00, 12.00; ko\u015bci\u00f3\u0142 \u015bw. Micha\u0142a Archanio\u0142a: 17.00. DNI POWSZEDNIE: ko\u015bci\u00f3\u0142 \u015bw. Stanis\u0142awa: 17.50","inLanguage":"pl-PL","publisher":{"@id":"https:\/\/parafia-jezowsudecki.pl\/#organization"}}]},"og:locale":"pl_PL","og:site_name":"PARAFIA \u015aW. MICHA\u0141A ARCHANIO\u0141A W JE\u017bOWIE SUDECKIM - Msze \u015awi\u0119te: NIEDZIELE: ko\u015bci\u00f3\u0142 \u015bw. Stanis\u0142awa: 8.00, 10.00, 12.00; ko\u015bci\u00f3\u0142 \u015bw. Micha\u0142a Archanio\u0142a: 17.00. DNI POWSZEDNIE: ko\u015bci\u00f3\u0142 \u015bw. Stanis\u0142awa: 17.50","og:type":"article","og:title":"Og\u0142oszenia Parafialne - PARAFIA \u015aW. MICHA\u0141A ARCHANIO\u0141A W JE\u017bOWIE SUDECKIM","og:url":"https:\/\/parafia-jezowsudecki.pl\/index.php\/ogloszenia-parafialne\/","article:published_time":"2023-04-03T20:18:28+00:00","article:modified_time":"2024-04-24T20:38:27+00:00","twitter:card":"summary_large_image","twitter:title":"Og\u0142oszenia Parafialne - PARAFIA \u015aW. MICHA\u0141A ARCHANIO\u0141A W JE\u017bOWIE SUDECKIM"},"aioseo_meta_data":{"post_id":"907","title":null,"description":null,"keywords":[],"keyphrases":{"focus":{"keyphrase":"","score":0,"analysis":{"keyphraseInTitle":{"score":0,"maxScore":9,"error":1}}},"additional":[]},"primary_term":null,"canonical_url":null,"og_title":null,"og_description":null,"og_object_type":"default","og_image_type":"default","og_image_url":null,"og_image_width":null,"og_image_height":null,"og_image_custom_url":null,"og_image_custom_fields":null,"og_video":"","og_custom_url":null,"og_article_section":null,"og_article_tags":[],"twitter_use_og":false,"twitter_card":"default","twitter_image_type":"default","twitter_image_url":null,"twitter_image_custom_url":null,"twitter_image_custom_fields":null,"twitter_title":null,"twitter_description":null,"schema":{"blockGraphs":[],"customGraphs":[],"default":{"data":{"Article":[],"Course":[],"Dataset":[],"FAQPage":[],"Movie":[],"Person":[],"Product":[],"ProductReview":[],"Car":[],"Recipe":[],"Service":[],"SoftwareApplication":[],"WebPage":[]},"graphName":"WebPage","isEnabled":true},"graphs":[]},"schema_type":"default","schema_type_options":null,"pillar_content":false,"robots_default":true,"robots_noindex":false,"robots_noarchive":false,"robots_nosnippet":false,"robots_nofollow":false,"robots_noimageindex":false,"robots_noodp":false,"robots_notranslate":false,"robots_max_snippet":"-1","robots_max_videopreview":"-1","robots_max_imagepreview":"large","priority":null,"frequency":"default","local_seo":null,"breadcrumb_settings":null,"limit_modified_date":false,"ai":null,"created":"2024-01-28 15:46:43","updated":"2025-06-04 14:45:22","seo_analyzer_scan_date":null,"focus_keyword":null,"additional_keywords":null,"truseo_locale":null},"aioseo_breadcrumb":"<div class=\"aioseo-breadcrumbs\"><span class=\"aioseo-breadcrumb\">\n\t\t\t<a href=\"https:\/\/parafia-jezowsudecki.pl\" title=\"Home\">Home<\/a>\n\t\t<\/span><span class=\"aioseo-breadcrumb-separator\">&raquo;<\/span><span class=\"aioseo-breadcrumb\">\n\t\t\tOg\u0142oszenia Parafialne\n\t\t<\/span><\/div>","aioseo_breadcrumb_json":[{"label":"Home","link":"https:\/\/parafia-jezowsudecki.pl"},{"label":"Og\u0142oszenia Parafialne","link":"https:\/\/parafia-jezowsudecki.pl\/index.php\/ogloszenia-parafialne\/"}],"yoast_head":"<!-- This site is optimized with the Yoast SEO plugin v28.3 - https:\/\/yoast.com\/product\/yoast-seo-wordpress\/ -->\n<title>Og\u0142oszenia Parafialne - PARAFIA \u015aW. MICHA\u0141A ARCHANIO\u0141A W JE\u017bOWIE SUDECKIM<\/title>\n<meta name=\"robots\" content=\"index, follow, max-snippet:-1, max-image-preview:large, max-video-preview:-1\" \/>\n<link rel=\"canonical\" href=\"https:\/\/parafia-jezowsudecki.pl\/index.php\/ogloszenia-parafialne\/\" \/>\n<link rel=\"next\" href=\"https:\/\/parafia-jezowsudecki.pl\/index.php\/ogloszenia-parafialne\/907?query-23-page=2\" \/>\n<meta property=\"og:locale\" content=\"pl_PL\" \/>\n<meta property=\"og:type\" content=\"article\" \/>\n<meta property=\"og:title\" content=\"Og\u0142oszenia Parafialne - PARAFIA \u015aW. MICHA\u0141A ARCHANIO\u0141A W JE\u017bOWIE SUDECKIM\" \/>\n<meta property=\"og:url\" content=\"https:\/\/parafia-jezowsudecki.pl\/index.php\/ogloszenia-parafialne\/\" \/>\n<meta property=\"og:site_name\" content=\"PARAFIA \u015aW. MICHA\u0141A ARCHANIO\u0141A W JE\u017bOWIE SUDECKIM\" \/>\n<meta property=\"article:modified_time\" content=\"2024-04-24T20:38:27+00:00\" \/>\n<meta name=\"twitter:card\" content=\"summary_large_image\" \/>\n<script type=\"application\/ld+json\" class=\"yoast-schema-graph\">{\"@context\":\"https:\\\/\\\/schema.org\",\"@graph\":[{\"@type\":\"WebPage\",\"@id\":\"https:\\\/\\\/parafia-jezowsudecki.pl\\\/index.php\\\/ogloszenia-parafialne\\\/\",\"url\":\"https:\\\/\\\/parafia-jezowsudecki.pl\\\/index.php\\\/ogloszenia-parafialne\\\/\",\"name\":\"Og\u0142oszenia Parafialne - PARAFIA \u015aW. MICHA\u0141A ARCHANIO\u0141A W JE\u017bOWIE SUDECKIM\",\"isPartOf\":{\"@id\":\"https:\\\/\\\/parafia-jezowsudecki.pl\\\/#website\"},\"datePublished\":\"2023-04-03T20:18:28+00:00\",\"dateModified\":\"2024-04-24T20:38:27+00:00\",\"breadcrumb\":{\"@id\":\"https:\\\/\\\/parafia-jezowsudecki.pl\\\/index.php\\\/ogloszenia-parafialne\\\/#breadcrumb\"},\"inLanguage\":\"pl-PL\",\"potentialAction\":[{\"@type\":\"ReadAction\",\"target\":[\"https:\\\/\\\/parafia-jezowsudecki.pl\\\/index.php\\\/ogloszenia-parafialne\\\/\"]}]},{\"@type\":\"BreadcrumbList\",\"@id\":\"https:\\\/\\\/parafia-jezowsudecki.pl\\\/index.php\\\/ogloszenia-parafialne\\\/#breadcrumb\",\"itemListElement\":[{\"@type\":\"ListItem\",\"position\":1,\"name\":\"Strona g\u0142\u00f3wna\",\"item\":\"https:\\\/\\\/parafia-jezowsudecki.pl\\\/\"},{\"@type\":\"ListItem\",\"position\":2,\"name\":\"Og\u0142oszenia Parafialne\"}]},{\"@type\":\"WebSite\",\"@id\":\"https:\\\/\\\/parafia-jezowsudecki.pl\\\/#website\",\"url\":\"https:\\\/\\\/parafia-jezowsudecki.pl\\\/\",\"name\":\"PARAFIA \u015aW. MICHA\u0141A ARCHANIO\u0141A W JE\u017bOWIE SUDECKIM\",\"description\":\"Msze \u015awi\u0119te: NIEDZIELE: ko\u015bci\u00f3\u0142 \u015bw. Stanis\u0142awa: 8.00, 10.00, 12.00; ko\u015bci\u00f3\u0142 \u015bw. Micha\u0142a Archanio\u0142a: 17.00. DNI POWSZEDNIE: ko\u015bci\u00f3\u0142 \u015bw. Stanis\u0142awa: 17.50\",\"publisher\":{\"@id\":\"https:\\\/\\\/parafia-jezowsudecki.pl\\\/#organization\"},\"potentialAction\":[{\"@type\":\"SearchAction\",\"target\":{\"@type\":\"EntryPoint\",\"urlTemplate\":\"https:\\\/\\\/parafia-jezowsudecki.pl\\\/?s={search_term_string}\"},\"query-input\":{\"@type\":\"PropertyValueSpecification\",\"valueRequired\":true,\"valueName\":\"search_term_string\"}}],\"inLanguage\":\"pl-PL\"},{\"@type\":\"Organization\",\"@id\":\"https:\\\/\\\/parafia-jezowsudecki.pl\\\/#organization\",\"name\":\"Parafia \u015aw. Micha\u0142a Archanio\u0142a w Je\u017cowie Sudeckim\",\"url\":\"https:\\\/\\\/parafia-jezowsudecki.pl\\\/\",\"logo\":{\"@type\":\"ImageObject\",\"inLanguage\":\"pl-PL\",\"@id\":\"https:\\\/\\\/parafia-jezowsudecki.pl\\\/#\\\/schema\\\/logo\\\/image\\\/\",\"url\":\"https:\\\/\\\/parafia-jezowsudecki.pl\\\/wp-content\\\/uploads\\\/2022\\\/06\\\/image.png\",\"contentUrl\":\"https:\\\/\\\/parafia-jezowsudecki.pl\\\/wp-content\\\/uploads\\\/2022\\\/06\\\/image.png\",\"width\":1165,\"height\":803,\"caption\":\"Parafia \u015aw. Micha\u0142a Archanio\u0142a w Je\u017cowie Sudeckim\"},\"image\":{\"@id\":\"https:\\\/\\\/parafia-jezowsudecki.pl\\\/#\\\/schema\\\/logo\\\/image\\\/\"}}]}<\/script>\n<!-- \/ Yoast SEO plugin. -->","yoast_head_json":{"title":"Og\u0142oszenia Parafialne - PARAFIA \u015aW. MICHA\u0141A ARCHANIO\u0141A W JE\u017bOWIE SUDECKIM","robots":{"index":"index","follow":"follow","max-snippet":"max-snippet:-1","max-image-preview":"max-image-preview:large","max-video-preview":"max-video-preview:-1"},"canonical":"https:\/\/parafia-jezowsudecki.pl\/index.php\/ogloszenia-parafialne\/","next":"https:\/\/parafia-jezowsudecki.pl\/index.php\/ogloszenia-parafialne\/907?query-23-page=2","og_locale":"pl_PL","og_type":"article","og_title":"Og\u0142oszenia Parafialne - PARAFIA \u015aW. MICHA\u0141A ARCHANIO\u0141A W JE\u017bOWIE SUDECKIM","og_url":"https:\/\/parafia-jezowsudecki.pl\/index.php\/ogloszenia-parafialne\/","og_site_name":"PARAFIA \u015aW. MICHA\u0141A ARCHANIO\u0141A W JE\u017bOWIE SUDECKIM","article_modified_time":"2024-04-24T20:38:27+00:00","twitter_card":"summary_large_image","schema":{"@context":"https:\/\/schema.org","@graph":[{"@type":"WebPage","@id":"https:\/\/parafia-jezowsudecki.pl\/index.php\/ogloszenia-parafialne\/","url":"https:\/\/parafia-jezowsudecki.pl\/index.php\/ogloszenia-parafialne\/","name":"Og\u0142oszenia Parafialne - PARAFIA \u015aW. MICHA\u0141A ARCHANIO\u0141A W JE\u017bOWIE SUDECKIM","isPartOf":{"@id":"https:\/\/parafia-jezowsudecki.pl\/#website"},"datePublished":"2023-04-03T20:18:28+00:00","dateModified":"2024-04-24T20:38:27+00:00","breadcrumb":{"@id":"https:\/\/parafia-jezowsudecki.pl\/index.php\/ogloszenia-parafialne\/#breadcrumb"},"inLanguage":"pl-PL","potentialAction":[{"@type":"ReadAction","target":["https:\/\/parafia-jezowsudecki.pl\/index.php\/ogloszenia-parafialne\/"]}]},{"@type":"BreadcrumbList","@id":"https:\/\/parafia-jezowsudecki.pl\/index.php\/ogloszenia-parafialne\/#breadcrumb","itemListElement":[{"@type":"ListItem","position":1,"name":"Strona g\u0142\u00f3wna","item":"https:\/\/parafia-jezowsudecki.pl\/"},{"@type":"ListItem","position":2,"name":"Og\u0142oszenia Parafialne"}]},{"@type":"WebSite","@id":"https:\/\/parafia-jezowsudecki.pl\/#website","url":"https:\/\/parafia-jezowsudecki.pl\/","name":"PARAFIA \u015aW. MICHA\u0141A ARCHANIO\u0141A W JE\u017bOWIE SUDECKIM","description":"Msze \u015awi\u0119te: NIEDZIELE: ko\u015bci\u00f3\u0142 \u015bw. Stanis\u0142awa: 8.00, 10.00, 12.00; ko\u015bci\u00f3\u0142 \u015bw. Micha\u0142a Archanio\u0142a: 17.00. DNI POWSZEDNIE: ko\u015bci\u00f3\u0142 \u015bw. Stanis\u0142awa: 17.50","publisher":{"@id":"https:\/\/parafia-jezowsudecki.pl\/#organization"},"potentialAction":[{"@type":"SearchAction","target":{"@type":"EntryPoint","urlTemplate":"https:\/\/parafia-jezowsudecki.pl\/?s={search_term_string}"},"query-input":{"@type":"PropertyValueSpecification","valueRequired":true,"valueName":"search_term_string"}}],"inLanguage":"pl-PL"},{"@type":"Organization","@id":"https:\/\/parafia-jezowsudecki.pl\/#organization","name":"Parafia \u015aw. Micha\u0142a Archanio\u0142a w Je\u017cowie Sudeckim","url":"https:\/\/parafia-jezowsudecki.pl\/","logo":{"@type":"ImageObject","inLanguage":"pl-PL","@id":"https:\/\/parafia-jezowsudecki.pl\/#\/schema\/logo\/image\/","url":"https:\/\/parafia-jezowsudecki.pl\/wp-content\/uploads\/2022\/06\/image.png","contentUrl":"https:\/\/parafia-jezowsudecki.pl\/wp-content\/uploads\/2022\/06\/image.png","width":1165,"height":803,"caption":"Parafia \u015aw. Micha\u0142a Archanio\u0142a w Je\u017cowie Sudeckim"},"image":{"@id":"https:\/\/parafia-jezowsudecki.pl\/#\/schema\/logo\/image\/"}}]}},"_links":{"self":[{"href":"https:\/\/parafia-jezowsudecki.pl\/index.php\/wp-json\/wp\/v2\/pages\/907","targetHints":{"allow":["GET"]}}],"collection":[{"href":"https:\/\/parafia-jezowsudecki.pl\/index.php\/wp-json\/wp\/v2\/pages"}],"about":[{"href":"https:\/\/parafia-jezowsudecki.pl\/index.php\/wp-json\/wp\/v2\/types\/page"}],"author":[{"embeddable":true,"href":"https:\/\/parafia-jezowsudecki.pl\/index.php\/wp-json\/wp\/v2\/users\/1"}],"replies":[{"embeddable":true,"href":"https:\/\/parafia-jezowsudecki.pl\/index.php\/wp-json\/wp\/v2\/comments?post=907"}],"version-history":[{"count":9,"href":"https:\/\/parafia-jezowsudecki.pl\/index.php\/wp-json\/wp\/v2\/pages\/907\/revisions"}],"predecessor-version":[{"id":1522,"href":"https:\/\/parafia-jezowsudecki.pl\/index.php\/wp-json\/wp\/v2\/pages\/907\/revisions\/1522"}],"wp:attachment":[{"href":"https:\/\/parafia-jezowsudecki.pl\/index.php\/wp-json\/wp\/v2\/media?parent=907"}],"curies":[{"name":"wp","href":"https:\/\/api.w.org\/{rel}","templated":true}]}}