{"id":536,"date":"2022-11-06T22:06:45","date_gmt":"2022-11-06T21:06:45","guid":{"rendered":"https:\/\/parafia-jezowsudecki.pl\/?page_id=536"},"modified":"2024-04-24T21:33:54","modified_gmt":"2024-04-24T20:33:54","slug":"aktualnosci-2","status":"publish","type":"page","link":"https:\/\/parafia-jezowsudecki.pl\/index.php\/aktualnosci-2\/","title":{"rendered":"Aktualno\u015bci"},"content":{"rendered":"\n<p><\/p>\n\n\n\n<div class=\"wp-block-query ticss-9397f5b1 is-layout-flow wp-block-query-is-layout-flow\"><ul class=\"wp-block-post-template is-layout-flow wp-block-post-template-is-layout-flow\"><li class=\"wp-block-post post-2507 post type-post status-publish format-standard has-post-thumbnail hentry category-aktualnosci category-strona-glowna\">\n\n<div style=\"height:100px\" aria-hidden=\"true\" class=\"wp-block-spacer\"><\/div>\n\n\n\n<hr class=\"wp-block-separator has-css-opacity is-style-wide\"\/>\n\n\n<h3 class=\"has-text-align-center wp-block-post-title\"><a href=\"https:\/\/parafia-jezowsudecki.pl\/index.php\/2026\/04\/19\/wazne-uroczystosci\/\" target=\"_self\" >Wa\u017cne uroczysto\u015bci<\/a><\/h3>\n\n<div class=\"entry-content wp-block-post-content is-layout-flow wp-block-post-content-is-layout-flow\"><p><img decoding=\"async\" data-src=\"https:\/\/parafia-jezowsudecki.pl\/wp-content\/uploads\/2026\/04\/camscanner-19.04.2026-15.07_3-1.jpg\" class=\"size-full wp-image-2506 lazyload\" width=\"1407\" height=\"2000\" data-srcset=\"https:\/\/parafia-jezowsudecki.pl\/wp-content\/uploads\/2026\/04\/camscanner-19.04.2026-15.07_3-1.jpg 1407w, https:\/\/parafia-jezowsudecki.pl\/wp-content\/uploads\/2026\/04\/camscanner-19.04.2026-15.07_3-1-211x300.jpg 211w, https:\/\/parafia-jezowsudecki.pl\/wp-content\/uploads\/2026\/04\/camscanner-19.04.2026-15.07_3-1-720x1024.jpg 720w, https:\/\/parafia-jezowsudecki.pl\/wp-content\/uploads\/2026\/04\/camscanner-19.04.2026-15.07_3-1-768x1092.jpg 768w, https:\/\/parafia-jezowsudecki.pl\/wp-content\/uploads\/2026\/04\/camscanner-19.04.2026-15.07_3-1-1081x1536.jpg 1081w\" data-sizes=\"(max-width: 1407px) 100vw, 1407px\" src=\"data:image\/svg+xml;base64,PHN2ZyB3aWR0aD0iMSIgaGVpZ2h0PSIxIiB4bWxucz0iaHR0cDovL3d3dy53My5vcmcvMjAwMC9zdmciPjwvc3ZnPg==\" style=\"--smush-placeholder-width: 1407px; --smush-placeholder-aspect-ratio: 1407\/2000;\" \/><\/p>\n<\/div>\n<\/li><li class=\"wp-block-post post-2494 post type-post status-publish format-standard has-post-thumbnail hentry category-aktualnosci category-strona-glowna\">\n\n<div style=\"height:100px\" aria-hidden=\"true\" class=\"wp-block-spacer\"><\/div>\n\n\n\n<hr class=\"wp-block-separator has-css-opacity is-style-wide\"\/>\n\n\n<h3 class=\"has-text-align-center wp-block-post-title\"><a href=\"https:\/\/parafia-jezowsudecki.pl\/index.php\/2026\/04\/07\/niedziela-milosierdzia\/\" target=\"_self\" >Niedziela Mi\u0142osierdzia<\/a><\/h3>\n\n<div class=\"entry-content wp-block-post-content is-layout-flow wp-block-post-content-is-layout-flow\"><figure><img decoding=\"async\" data-src=\"https:\/\/parafia-jezowsudecki.pl\/wp-content\/uploads\/2026\/04\/4ff56116-ab7d-49c6-8fc7-2700acfdfef6-2.png\" class=\"size-full lazyload\" src=\"data:image\/svg+xml;base64,PHN2ZyB3aWR0aD0iMSIgaGVpZ2h0PSIxIiB4bWxucz0iaHR0cDovL3d3dy53My5vcmcvMjAwMC9zdmciPjwvc3ZnPg==\" style=\"--smush-placeholder-width: 1024px; --smush-placeholder-aspect-ratio: 1024\/1536;\"><\/figure>\n<\/div>\n<\/li><li class=\"wp-block-post post-2436 post type-post status-publish format-standard has-post-thumbnail hentry category-aktualnosci category-ogloszenia-parafialne category-strona-glowna\">\n\n<div style=\"height:100px\" aria-hidden=\"true\" class=\"wp-block-spacer\"><\/div>\n\n\n\n<hr class=\"wp-block-separator has-css-opacity is-style-wide\"\/>\n\n\n<h3 class=\"has-text-align-center wp-block-post-title\"><a href=\"https:\/\/parafia-jezowsudecki.pl\/index.php\/2026\/03\/15\/misterium-meki-panskiej\/\" target=\"_self\" >Misterium M\u0119ki Pa\u0144skiej-zdj\u0119cia<\/a><\/h3>\n\n<div class=\"entry-content wp-block-post-content is-layout-flow wp-block-post-content-is-layout-flow\"><p><img decoding=\"async\" class=\"size-full wp-image-2433 lazyload\" data-src=\"https:\/\/parafia-jezowsudecki.pl\/wp-content\/uploads\/2026\/03\/b0732b53-f31b-4426-a5eb-45842c90de16-1.png\" width=\"1024\" height=\"1536\" data-srcset=\"https:\/\/parafia-jezowsudecki.pl\/wp-content\/uploads\/2026\/03\/b0732b53-f31b-4426-a5eb-45842c90de16-1.png 1024w, https:\/\/parafia-jezowsudecki.pl\/wp-content\/uploads\/2026\/03\/b0732b53-f31b-4426-a5eb-45842c90de16-1-200x300.png 200w, https:\/\/parafia-jezowsudecki.pl\/wp-content\/uploads\/2026\/03\/b0732b53-f31b-4426-a5eb-45842c90de16-1-683x1024.png 683w, https:\/\/parafia-jezowsudecki.pl\/wp-content\/uploads\/2026\/03\/b0732b53-f31b-4426-a5eb-45842c90de16-1-768x1152.png 768w\" data-sizes=\"(max-width: 1024px) 100vw, 1024px\" src=\"data:image\/svg+xml;base64,PHN2ZyB3aWR0aD0iMSIgaGVpZ2h0PSIxIiB4bWxucz0iaHR0cDovL3d3dy53My5vcmcvMjAwMC9zdmciPjwvc3ZnPg==\" style=\"--smush-placeholder-width: 1024px; --smush-placeholder-aspect-ratio: 1024\/1536;\" \/><\/p>\n\n\n<figure class=\"wp-block-gallery has-nested-images columns-default is-cropped wp-block-gallery-1 is-layout-flex wp-block-gallery-is-layout-flex\">\n<figure class=\"wp-block-image size-large\"><img decoding=\"async\" width=\"1024\" height=\"680\" data-id=\"2469\" data-src=\"https:\/\/parafia-jezowsudecki.pl\/wp-content\/uploads\/2026\/03\/IMG_03071-1024x680.jpg\" alt=\"\" class=\"wp-image-2469 lazyload\" data-srcset=\"https:\/\/parafia-jezowsudecki.pl\/wp-content\/uploads\/2026\/03\/IMG_03071-1024x680.jpg 1024w, https:\/\/parafia-jezowsudecki.pl\/wp-content\/uploads\/2026\/03\/IMG_03071-300x199.jpg 300w, https:\/\/parafia-jezowsudecki.pl\/wp-content\/uploads\/2026\/03\/IMG_03071-768x510.jpg 768w, https:\/\/parafia-jezowsudecki.pl\/wp-content\/uploads\/2026\/03\/IMG_03071.jpg 1179w\" data-sizes=\"(max-width: 1024px) 100vw, 1024px\" src=\"data:image\/svg+xml;base64,PHN2ZyB3aWR0aD0iMSIgaGVpZ2h0PSIxIiB4bWxucz0iaHR0cDovL3d3dy53My5vcmcvMjAwMC9zdmciPjwvc3ZnPg==\" style=\"--smush-placeholder-width: 1024px; --smush-placeholder-aspect-ratio: 1024\/680;\" \/><\/figure>\n\n\n\n<figure class=\"wp-block-image size-large\"><img decoding=\"async\" width=\"1024\" height=\"680\" data-id=\"2471\" data-src=\"https:\/\/parafia-jezowsudecki.pl\/wp-content\/uploads\/2026\/03\/IMG_03081-1024x680.jpg\" alt=\"\" class=\"wp-image-2471 lazyload\" data-srcset=\"https:\/\/parafia-jezowsudecki.pl\/wp-content\/uploads\/2026\/03\/IMG_03081-1024x680.jpg 1024w, https:\/\/parafia-jezowsudecki.pl\/wp-content\/uploads\/2026\/03\/IMG_03081-300x199.jpg 300w, https:\/\/parafia-jezowsudecki.pl\/wp-content\/uploads\/2026\/03\/IMG_03081-768x510.jpg 768w, https:\/\/parafia-jezowsudecki.pl\/wp-content\/uploads\/2026\/03\/IMG_03081.jpg 1179w\" data-sizes=\"(max-width: 1024px) 100vw, 1024px\" src=\"data:image\/svg+xml;base64,PHN2ZyB3aWR0aD0iMSIgaGVpZ2h0PSIxIiB4bWxucz0iaHR0cDovL3d3dy53My5vcmcvMjAwMC9zdmciPjwvc3ZnPg==\" style=\"--smush-placeholder-width: 1024px; --smush-placeholder-aspect-ratio: 1024\/680;\" \/><\/figure>\n\n\n\n<figure class=\"wp-block-image size-large\"><img decoding=\"async\" width=\"1024\" height=\"680\" data-id=\"2472\" data-src=\"https:\/\/parafia-jezowsudecki.pl\/wp-content\/uploads\/2026\/03\/IMG_0309-1024x680.jpg\" alt=\"\" class=\"wp-image-2472 lazyload\" data-srcset=\"https:\/\/parafia-jezowsudecki.pl\/wp-content\/uploads\/2026\/03\/IMG_0309-1024x680.jpg 1024w, https:\/\/parafia-jezowsudecki.pl\/wp-content\/uploads\/2026\/03\/IMG_0309-300x199.jpg 300w, https:\/\/parafia-jezowsudecki.pl\/wp-content\/uploads\/2026\/03\/IMG_0309-768x510.jpg 768w, https:\/\/parafia-jezowsudecki.pl\/wp-content\/uploads\/2026\/03\/IMG_0309.jpg 1179w\" data-sizes=\"(max-width: 1024px) 100vw, 1024px\" src=\"data:image\/svg+xml;base64,PHN2ZyB3aWR0aD0iMSIgaGVpZ2h0PSIxIiB4bWxucz0iaHR0cDovL3d3dy53My5vcmcvMjAwMC9zdmciPjwvc3ZnPg==\" style=\"--smush-placeholder-width: 1024px; --smush-placeholder-aspect-ratio: 1024\/680;\" \/><\/figure>\n\n\n\n<figure class=\"wp-block-image size-large\"><img decoding=\"async\" width=\"1024\" height=\"680\" data-id=\"2473\" data-src=\"https:\/\/parafia-jezowsudecki.pl\/wp-content\/uploads\/2026\/03\/IMG_0310-1024x680.jpg\" alt=\"\" class=\"wp-image-2473 lazyload\" data-srcset=\"https:\/\/parafia-jezowsudecki.pl\/wp-content\/uploads\/2026\/03\/IMG_0310-1024x680.jpg 1024w, https:\/\/parafia-jezowsudecki.pl\/wp-content\/uploads\/2026\/03\/IMG_0310-300x199.jpg 300w, https:\/\/parafia-jezowsudecki.pl\/wp-content\/uploads\/2026\/03\/IMG_0310-768x510.jpg 768w, https:\/\/parafia-jezowsudecki.pl\/wp-content\/uploads\/2026\/03\/IMG_0310.jpg 1179w\" data-sizes=\"(max-width: 1024px) 100vw, 1024px\" src=\"data:image\/svg+xml;base64,PHN2ZyB3aWR0aD0iMSIgaGVpZ2h0PSIxIiB4bWxucz0iaHR0cDovL3d3dy53My5vcmcvMjAwMC9zdmciPjwvc3ZnPg==\" style=\"--smush-placeholder-width: 1024px; --smush-placeholder-aspect-ratio: 1024\/680;\" \/><\/figure>\n\n\n\n<figure class=\"wp-block-image size-large\"><img decoding=\"async\" width=\"1024\" height=\"680\" data-id=\"2474\" data-src=\"https:\/\/parafia-jezowsudecki.pl\/wp-content\/uploads\/2026\/03\/IMG_0312-1024x680.jpg\" alt=\"\" class=\"wp-image-2474 lazyload\" data-srcset=\"https:\/\/parafia-jezowsudecki.pl\/wp-content\/uploads\/2026\/03\/IMG_0312-1024x680.jpg 1024w, https:\/\/parafia-jezowsudecki.pl\/wp-content\/uploads\/2026\/03\/IMG_0312-300x199.jpg 300w, https:\/\/parafia-jezowsudecki.pl\/wp-content\/uploads\/2026\/03\/IMG_0312-768x510.jpg 768w, https:\/\/parafia-jezowsudecki.pl\/wp-content\/uploads\/2026\/03\/IMG_0312.jpg 1179w\" data-sizes=\"(max-width: 1024px) 100vw, 1024px\" src=\"data:image\/svg+xml;base64,PHN2ZyB3aWR0aD0iMSIgaGVpZ2h0PSIxIiB4bWxucz0iaHR0cDovL3d3dy53My5vcmcvMjAwMC9zdmciPjwvc3ZnPg==\" style=\"--smush-placeholder-width: 1024px; --smush-placeholder-aspect-ratio: 1024\/680;\" \/><\/figure>\n\n\n\n<figure class=\"wp-block-image size-large\"><img decoding=\"async\" width=\"1024\" height=\"680\" data-id=\"2475\" data-src=\"https:\/\/parafia-jezowsudecki.pl\/wp-content\/uploads\/2026\/03\/IMG_0313-1024x680.jpg\" alt=\"\" class=\"wp-image-2475 lazyload\" data-srcset=\"https:\/\/parafia-jezowsudecki.pl\/wp-content\/uploads\/2026\/03\/IMG_0313-1024x680.jpg 1024w, https:\/\/parafia-jezowsudecki.pl\/wp-content\/uploads\/2026\/03\/IMG_0313-300x199.jpg 300w, https:\/\/parafia-jezowsudecki.pl\/wp-content\/uploads\/2026\/03\/IMG_0313-768x510.jpg 768w, https:\/\/parafia-jezowsudecki.pl\/wp-content\/uploads\/2026\/03\/IMG_0313.jpg 1179w\" data-sizes=\"(max-width: 1024px) 100vw, 1024px\" src=\"data:image\/svg+xml;base64,PHN2ZyB3aWR0aD0iMSIgaGVpZ2h0PSIxIiB4bWxucz0iaHR0cDovL3d3dy53My5vcmcvMjAwMC9zdmciPjwvc3ZnPg==\" style=\"--smush-placeholder-width: 1024px; --smush-placeholder-aspect-ratio: 1024\/680;\" \/><\/figure>\n\n\n\n<figure class=\"wp-block-image size-large\"><img decoding=\"async\" width=\"1024\" height=\"680\" data-id=\"2476\" data-src=\"https:\/\/parafia-jezowsudecki.pl\/wp-content\/uploads\/2026\/03\/IMG_0314-1024x680.jpg\" alt=\"\" class=\"wp-image-2476 lazyload\" data-srcset=\"https:\/\/parafia-jezowsudecki.pl\/wp-content\/uploads\/2026\/03\/IMG_0314-1024x680.jpg 1024w, https:\/\/parafia-jezowsudecki.pl\/wp-content\/uploads\/2026\/03\/IMG_0314-300x199.jpg 300w, https:\/\/parafia-jezowsudecki.pl\/wp-content\/uploads\/2026\/03\/IMG_0314-768x510.jpg 768w, https:\/\/parafia-jezowsudecki.pl\/wp-content\/uploads\/2026\/03\/IMG_0314.jpg 1179w\" data-sizes=\"(max-width: 1024px) 100vw, 1024px\" src=\"data:image\/svg+xml;base64,PHN2ZyB3aWR0aD0iMSIgaGVpZ2h0PSIxIiB4bWxucz0iaHR0cDovL3d3dy53My5vcmcvMjAwMC9zdmciPjwvc3ZnPg==\" style=\"--smush-placeholder-width: 1024px; --smush-placeholder-aspect-ratio: 1024\/680;\" \/><\/figure>\n\n\n\n<figure class=\"wp-block-image size-large\"><img decoding=\"async\" width=\"1024\" height=\"680\" data-id=\"2477\" data-src=\"https:\/\/parafia-jezowsudecki.pl\/wp-content\/uploads\/2026\/03\/IMG_0315-1024x680.jpg\" alt=\"\" class=\"wp-image-2477 lazyload\" data-srcset=\"https:\/\/parafia-jezowsudecki.pl\/wp-content\/uploads\/2026\/03\/IMG_0315-1024x680.jpg 1024w, https:\/\/parafia-jezowsudecki.pl\/wp-content\/uploads\/2026\/03\/IMG_0315-300x199.jpg 300w, https:\/\/parafia-jezowsudecki.pl\/wp-content\/uploads\/2026\/03\/IMG_0315-768x510.jpg 768w, https:\/\/parafia-jezowsudecki.pl\/wp-content\/uploads\/2026\/03\/IMG_0315.jpg 1179w\" data-sizes=\"(max-width: 1024px) 100vw, 1024px\" src=\"data:image\/svg+xml;base64,PHN2ZyB3aWR0aD0iMSIgaGVpZ2h0PSIxIiB4bWxucz0iaHR0cDovL3d3dy53My5vcmcvMjAwMC9zdmciPjwvc3ZnPg==\" style=\"--smush-placeholder-width: 1024px; --smush-placeholder-aspect-ratio: 1024\/680;\" \/><\/figure>\n\n\n\n<figure class=\"wp-block-image size-large\"><img decoding=\"async\" width=\"1024\" height=\"680\" data-id=\"2478\" data-src=\"https:\/\/parafia-jezowsudecki.pl\/wp-content\/uploads\/2026\/03\/IMG_0316-1024x680.jpg\" alt=\"\" class=\"wp-image-2478 lazyload\" data-srcset=\"https:\/\/parafia-jezowsudecki.pl\/wp-content\/uploads\/2026\/03\/IMG_0316-1024x680.jpg 1024w, https:\/\/parafia-jezowsudecki.pl\/wp-content\/uploads\/2026\/03\/IMG_0316-300x199.jpg 300w, https:\/\/parafia-jezowsudecki.pl\/wp-content\/uploads\/2026\/03\/IMG_0316-768x510.jpg 768w, https:\/\/parafia-jezowsudecki.pl\/wp-content\/uploads\/2026\/03\/IMG_0316.jpg 1179w\" data-sizes=\"(max-width: 1024px) 100vw, 1024px\" src=\"data:image\/svg+xml;base64,PHN2ZyB3aWR0aD0iMSIgaGVpZ2h0PSIxIiB4bWxucz0iaHR0cDovL3d3dy53My5vcmcvMjAwMC9zdmciPjwvc3ZnPg==\" style=\"--smush-placeholder-width: 1024px; --smush-placeholder-aspect-ratio: 1024\/680;\" \/><\/figure>\n\n\n\n<figure class=\"wp-block-image size-large\"><img decoding=\"async\" width=\"681\" height=\"1024\" data-id=\"2479\" data-src=\"https:\/\/parafia-jezowsudecki.pl\/wp-content\/uploads\/2026\/03\/IMG_0317-681x1024.jpg\" alt=\"\" class=\"wp-image-2479 lazyload\" data-srcset=\"https:\/\/parafia-jezowsudecki.pl\/wp-content\/uploads\/2026\/03\/IMG_0317-681x1024.jpg 681w, https:\/\/parafia-jezowsudecki.pl\/wp-content\/uploads\/2026\/03\/IMG_0317-199x300.jpg 199w, https:\/\/parafia-jezowsudecki.pl\/wp-content\/uploads\/2026\/03\/IMG_0317-768x1155.jpg 768w, https:\/\/parafia-jezowsudecki.pl\/wp-content\/uploads\/2026\/03\/IMG_0317-1021x1536.jpg 1021w, https:\/\/parafia-jezowsudecki.pl\/wp-content\/uploads\/2026\/03\/IMG_0317.jpg 1179w\" data-sizes=\"(max-width: 681px) 100vw, 681px\" src=\"data:image\/svg+xml;base64,PHN2ZyB3aWR0aD0iMSIgaGVpZ2h0PSIxIiB4bWxucz0iaHR0cDovL3d3dy53My5vcmcvMjAwMC9zdmciPjwvc3ZnPg==\" style=\"--smush-placeholder-width: 681px; --smush-placeholder-aspect-ratio: 681\/1024;\" \/><\/figure>\n\n\n\n<figure class=\"wp-block-image size-large\"><img decoding=\"async\" width=\"1024\" height=\"680\" data-id=\"2480\" data-src=\"https:\/\/parafia-jezowsudecki.pl\/wp-content\/uploads\/2026\/03\/IMG_0319-1024x680.jpg\" alt=\"\" class=\"wp-image-2480 lazyload\" data-srcset=\"https:\/\/parafia-jezowsudecki.pl\/wp-content\/uploads\/2026\/03\/IMG_0319-1024x680.jpg 1024w, https:\/\/parafia-jezowsudecki.pl\/wp-content\/uploads\/2026\/03\/IMG_0319-300x199.jpg 300w, https:\/\/parafia-jezowsudecki.pl\/wp-content\/uploads\/2026\/03\/IMG_0319-768x510.jpg 768w, https:\/\/parafia-jezowsudecki.pl\/wp-content\/uploads\/2026\/03\/IMG_0319.jpg 1179w\" data-sizes=\"(max-width: 1024px) 100vw, 1024px\" src=\"data:image\/svg+xml;base64,PHN2ZyB3aWR0aD0iMSIgaGVpZ2h0PSIxIiB4bWxucz0iaHR0cDovL3d3dy53My5vcmcvMjAwMC9zdmciPjwvc3ZnPg==\" style=\"--smush-placeholder-width: 1024px; --smush-placeholder-aspect-ratio: 1024\/680;\" \/><\/figure>\n\n\n\n<figure class=\"wp-block-image size-large\"><img decoding=\"async\" width=\"1024\" height=\"680\" data-id=\"2481\" data-src=\"https:\/\/parafia-jezowsudecki.pl\/wp-content\/uploads\/2026\/03\/IMG_0320-1024x680.jpg\" alt=\"\" class=\"wp-image-2481 lazyload\" data-srcset=\"https:\/\/parafia-jezowsudecki.pl\/wp-content\/uploads\/2026\/03\/IMG_0320-1024x680.jpg 1024w, https:\/\/parafia-jezowsudecki.pl\/wp-content\/uploads\/2026\/03\/IMG_0320-300x199.jpg 300w, https:\/\/parafia-jezowsudecki.pl\/wp-content\/uploads\/2026\/03\/IMG_0320-768x510.jpg 768w, https:\/\/parafia-jezowsudecki.pl\/wp-content\/uploads\/2026\/03\/IMG_0320.jpg 1179w\" data-sizes=\"(max-width: 1024px) 100vw, 1024px\" src=\"data:image\/svg+xml;base64,PHN2ZyB3aWR0aD0iMSIgaGVpZ2h0PSIxIiB4bWxucz0iaHR0cDovL3d3dy53My5vcmcvMjAwMC9zdmciPjwvc3ZnPg==\" style=\"--smush-placeholder-width: 1024px; --smush-placeholder-aspect-ratio: 1024\/680;\" \/><\/figure>\n\n\n\n<figure class=\"wp-block-image size-large\"><img decoding=\"async\" width=\"1024\" height=\"680\" data-id=\"2482\" data-src=\"https:\/\/parafia-jezowsudecki.pl\/wp-content\/uploads\/2026\/03\/IMG_0321-1024x680.jpg\" alt=\"\" class=\"wp-image-2482 lazyload\" data-srcset=\"https:\/\/parafia-jezowsudecki.pl\/wp-content\/uploads\/2026\/03\/IMG_0321-1024x680.jpg 1024w, https:\/\/parafia-jezowsudecki.pl\/wp-content\/uploads\/2026\/03\/IMG_0321-300x199.jpg 300w, https:\/\/parafia-jezowsudecki.pl\/wp-content\/uploads\/2026\/03\/IMG_0321-768x510.jpg 768w, https:\/\/parafia-jezowsudecki.pl\/wp-content\/uploads\/2026\/03\/IMG_0321.jpg 1179w\" data-sizes=\"(max-width: 1024px) 100vw, 1024px\" src=\"data:image\/svg+xml;base64,PHN2ZyB3aWR0aD0iMSIgaGVpZ2h0PSIxIiB4bWxucz0iaHR0cDovL3d3dy53My5vcmcvMjAwMC9zdmciPjwvc3ZnPg==\" style=\"--smush-placeholder-width: 1024px; --smush-placeholder-aspect-ratio: 1024\/680;\" \/><\/figure>\n\n\n\n<figure class=\"wp-block-image size-large\"><img decoding=\"async\" width=\"1024\" height=\"680\" data-id=\"2483\" data-src=\"https:\/\/parafia-jezowsudecki.pl\/wp-content\/uploads\/2026\/03\/IMG_0322-1024x680.jpg\" alt=\"\" class=\"wp-image-2483 lazyload\" data-srcset=\"https:\/\/parafia-jezowsudecki.pl\/wp-content\/uploads\/2026\/03\/IMG_0322-1024x680.jpg 1024w, https:\/\/parafia-jezowsudecki.pl\/wp-content\/uploads\/2026\/03\/IMG_0322-300x199.jpg 300w, https:\/\/parafia-jezowsudecki.pl\/wp-content\/uploads\/2026\/03\/IMG_0322-768x510.jpg 768w, https:\/\/parafia-jezowsudecki.pl\/wp-content\/uploads\/2026\/03\/IMG_0322.jpg 1179w\" data-sizes=\"(max-width: 1024px) 100vw, 1024px\" src=\"data:image\/svg+xml;base64,PHN2ZyB3aWR0aD0iMSIgaGVpZ2h0PSIxIiB4bWxucz0iaHR0cDovL3d3dy53My5vcmcvMjAwMC9zdmciPjwvc3ZnPg==\" style=\"--smush-placeholder-width: 1024px; --smush-placeholder-aspect-ratio: 1024\/680;\" \/><\/figure>\n<\/figure>\n\n\n\n<p><\/p>\n<\/div>\n<\/li><li class=\"wp-block-post post-2429 post type-post status-publish format-standard has-post-thumbnail hentry category-aktualnosci category-ogloszenia-parafialne\">\n\n<div style=\"height:100px\" aria-hidden=\"true\" class=\"wp-block-spacer\"><\/div>\n\n\n\n<hr class=\"wp-block-separator has-css-opacity is-style-wide\"\/>\n\n\n<h3 class=\"has-text-align-center wp-block-post-title\"><a href=\"https:\/\/parafia-jezowsudecki.pl\/index.php\/2026\/03\/15\/rekolekcje-wielkopostne\/\" target=\"_self\" >REKOLEKCJE WIELKOPOSTNE<\/a><\/h3>\n\n<div class=\"entry-content wp-block-post-content is-layout-flow wp-block-post-content-is-layout-flow\"><p><img decoding=\"async\" data-src=\"https:\/\/parafia-jezowsudecki.pl\/wp-content\/uploads\/2026\/03\/5046f5f7-03e6-4e3c-bb0d-a8c0e7692310-1.png\" class=\"size-full wp-image-2427 lazyload\" width=\"1024\" height=\"1536\" data-srcset=\"https:\/\/parafia-jezowsudecki.pl\/wp-content\/uploads\/2026\/03\/5046f5f7-03e6-4e3c-bb0d-a8c0e7692310-1.png 1024w, https:\/\/parafia-jezowsudecki.pl\/wp-content\/uploads\/2026\/03\/5046f5f7-03e6-4e3c-bb0d-a8c0e7692310-1-200x300.png 200w, https:\/\/parafia-jezowsudecki.pl\/wp-content\/uploads\/2026\/03\/5046f5f7-03e6-4e3c-bb0d-a8c0e7692310-1-683x1024.png 683w, https:\/\/parafia-jezowsudecki.pl\/wp-content\/uploads\/2026\/03\/5046f5f7-03e6-4e3c-bb0d-a8c0e7692310-1-768x1152.png 768w\" data-sizes=\"(max-width: 1024px) 100vw, 1024px\" src=\"data:image\/svg+xml;base64,PHN2ZyB3aWR0aD0iMSIgaGVpZ2h0PSIxIiB4bWxucz0iaHR0cDovL3d3dy53My5vcmcvMjAwMC9zdmciPjwvc3ZnPg==\" style=\"--smush-placeholder-width: 1024px; --smush-placeholder-aspect-ratio: 1024\/1536;\" \/><\/p>\n<\/div>\n<\/li><li class=\"wp-block-post post-2406 post type-post status-publish format-standard has-post-thumbnail hentry category-aktualnosci\">\n\n<div style=\"height:100px\" aria-hidden=\"true\" class=\"wp-block-spacer\"><\/div>\n\n\n\n<hr class=\"wp-block-separator has-css-opacity is-style-wide\"\/>\n\n\n<h3 class=\"has-text-align-center wp-block-post-title\"><a href=\"https:\/\/parafia-jezowsudecki.pl\/index.php\/2026\/02\/22\/wielki-post-3\/\" target=\"_self\" >Wielki Post<\/a><\/h3>\n\n<div class=\"entry-content wp-block-post-content is-layout-flow wp-block-post-content-is-layout-flow\"><p><img decoding=\"async\" data-src=\"https:\/\/parafia-jezowsudecki.pl\/wp-content\/uploads\/2026\/02\/77f31418-bdbb-4344-8221-54ca374c5250.png\" class=\"size-full wp-image-2405 lazyload\" width=\"1024\" height=\"1536\" data-srcset=\"https:\/\/parafia-jezowsudecki.pl\/wp-content\/uploads\/2026\/02\/77f31418-bdbb-4344-8221-54ca374c5250.png 1024w, https:\/\/parafia-jezowsudecki.pl\/wp-content\/uploads\/2026\/02\/77f31418-bdbb-4344-8221-54ca374c5250-200x300.png 200w, https:\/\/parafia-jezowsudecki.pl\/wp-content\/uploads\/2026\/02\/77f31418-bdbb-4344-8221-54ca374c5250-683x1024.png 683w, https:\/\/parafia-jezowsudecki.pl\/wp-content\/uploads\/2026\/02\/77f31418-bdbb-4344-8221-54ca374c5250-768x1152.png 768w\" data-sizes=\"(max-width: 1024px) 100vw, 1024px\" src=\"data:image\/svg+xml;base64,PHN2ZyB3aWR0aD0iMSIgaGVpZ2h0PSIxIiB4bWxucz0iaHR0cDovL3d3dy53My5vcmcvMjAwMC9zdmciPjwvc3ZnPg==\" style=\"--smush-placeholder-width: 1024px; --smush-placeholder-aspect-ratio: 1024\/1536;\" \/><\/p>\n<\/div>\n<\/li><li class=\"wp-block-post post-2376 post type-post status-publish format-standard has-post-thumbnail hentry category-aktualnosci category-strona-glowna\">\n\n<div style=\"height:100px\" aria-hidden=\"true\" class=\"wp-block-spacer\"><\/div>\n\n\n\n<hr class=\"wp-block-separator has-css-opacity is-style-wide\"\/>\n\n\n<h3 class=\"has-text-align-center wp-block-post-title\"><a href=\"https:\/\/parafia-jezowsudecki.pl\/index.php\/2026\/02\/08\/pielgrzymki-2026-2\/\" target=\"_self\" >Pielgrzymki 2026<\/a><\/h3>\n\n<div class=\"entry-content wp-block-post-content is-layout-flow wp-block-post-content-is-layout-flow\">\n<div data-wp-interactive=\"core\/file\" class=\"wp-block-file\"><object data-wp-bind--hidden=\"!state.hasPdfPreview\" hidden class=\"wp-block-file__embed\" data=\"https:\/\/parafia-jezowsudecki.pl\/wp-content\/uploads\/2025\/12\/CYPR-Jezow-Sudecki-2026.pdf\" type=\"application\/pdf\" style=\"width:100%;height:600px\" aria-label=\"Osadzone z CYPR - Je\u017c\u00f3w Sudecki 2026.\"><\/object><a id=\"wp-block-file--media-cb703d41-5349-4c50-a765-cf7d9cf7b159\" href=\"https:\/\/parafia-jezowsudecki.pl\/wp-content\/uploads\/2025\/12\/CYPR-Jezow-Sudecki-2026.pdf\">CYPR &#8211; Je\u017c\u00f3w Sudecki 2026<\/a><a href=\"https:\/\/parafia-jezowsudecki.pl\/wp-content\/uploads\/2025\/12\/CYPR-Jezow-Sudecki-2026.pdf\" class=\"wp-block-file__button wp-element-button\" download aria-describedby=\"wp-block-file--media-cb703d41-5349-4c50-a765-cf7d9cf7b159\">Pobierz<\/a><\/div>\n\n\n\n<div data-wp-interactive=\"core\/file\" class=\"wp-block-file\"><object data-wp-bind--hidden=\"!state.hasPdfPreview\" hidden class=\"wp-block-file__embed\" data=\"https:\/\/parafia-jezowsudecki.pl\/wp-content\/uploads\/2025\/12\/Poznan.pdf\" type=\"application\/pdf\" style=\"width:100%;height:600px\" aria-label=\"Osadzone z Poznan.\"><\/object><a id=\"wp-block-file--media-c46a456d-2ff5-45ba-a8a9-82fc8b6fc4aa\" href=\"https:\/\/parafia-jezowsudecki.pl\/wp-content\/uploads\/2025\/12\/Poznan.pdf\">Poznan<\/a><a href=\"https:\/\/parafia-jezowsudecki.pl\/wp-content\/uploads\/2025\/12\/Poznan.pdf\" class=\"wp-block-file__button wp-element-button\" download aria-describedby=\"wp-block-file--media-c46a456d-2ff5-45ba-a8a9-82fc8b6fc4aa\">Pobierz<\/a><\/div>\n\n\n\n<div data-wp-interactive=\"core\/file\" class=\"wp-block-file\"><object data-wp-bind--hidden=\"!state.hasPdfPreview\" hidden class=\"wp-block-file__embed\" data=\"https:\/\/parafia-jezowsudecki.pl\/wp-content\/uploads\/2025\/12\/Pielgrzymka-Gruzja.pdf\" type=\"application\/pdf\" style=\"width:100%;height:600px\" aria-label=\"Osadzone z Pielgrzymka Gruzja.\"><\/object><a id=\"wp-block-file--media-1d2a9af3-74d9-4cba-9ec8-171c47e27c15\" href=\"https:\/\/parafia-jezowsudecki.pl\/wp-content\/uploads\/2025\/12\/Pielgrzymka-Gruzja.pdf\">Pielgrzymka Gruzja<\/a><a href=\"https:\/\/parafia-jezowsudecki.pl\/wp-content\/uploads\/2025\/12\/Pielgrzymka-Gruzja.pdf\" class=\"wp-block-file__button wp-element-button\" download aria-describedby=\"wp-block-file--media-1d2a9af3-74d9-4cba-9ec8-171c47e27c15\">Pobierz<\/a><\/div>\n<\/div>\n<\/li><li class=\"wp-block-post post-2227 post type-post status-publish format-standard has-post-thumbnail hentry category-aktualnosci\">\n\n<div style=\"height:100px\" aria-hidden=\"true\" class=\"wp-block-spacer\"><\/div>\n\n\n\n<hr class=\"wp-block-separator has-css-opacity is-style-wide\"\/>\n\n\n<h3 class=\"has-text-align-center wp-block-post-title\"><a href=\"https:\/\/parafia-jezowsudecki.pl\/index.php\/2025\/10\/05\/czas-na-grzyby\/\" target=\"_self\" >Czas na grzyby<\/a><\/h3>\n\n<div class=\"entry-content wp-block-post-content is-layout-flow wp-block-post-content-is-layout-flow\"><p><img decoding=\"async\" data-src=\"https:\/\/parafia-jezowsudecki.pl\/wp-content\/uploads\/2025\/10\/d8759b17efc4451c8e26886943b0abed.jpg\" class=\"size-full wp-image-2226 lazyload\" width=\"1413\" height=\"2000\" data-srcset=\"https:\/\/parafia-jezowsudecki.pl\/wp-content\/uploads\/2025\/10\/d8759b17efc4451c8e26886943b0abed.jpg 1413w, https:\/\/parafia-jezowsudecki.pl\/wp-content\/uploads\/2025\/10\/d8759b17efc4451c8e26886943b0abed-212x300.jpg 212w, https:\/\/parafia-jezowsudecki.pl\/wp-content\/uploads\/2025\/10\/d8759b17efc4451c8e26886943b0abed-723x1024.jpg 723w, https:\/\/parafia-jezowsudecki.pl\/wp-content\/uploads\/2025\/10\/d8759b17efc4451c8e26886943b0abed-768x1087.jpg 768w, https:\/\/parafia-jezowsudecki.pl\/wp-content\/uploads\/2025\/10\/d8759b17efc4451c8e26886943b0abed-1085x1536.jpg 1085w\" data-sizes=\"(max-width: 1413px) 100vw, 1413px\" src=\"data:image\/svg+xml;base64,PHN2ZyB3aWR0aD0iMSIgaGVpZ2h0PSIxIiB4bWxucz0iaHR0cDovL3d3dy53My5vcmcvMjAwMC9zdmciPjwvc3ZnPg==\" style=\"--smush-placeholder-width: 1413px; --smush-placeholder-aspect-ratio: 1413\/2000;\" \/><\/p>\n<\/div>\n<\/li><li class=\"wp-block-post post-2138 post type-post status-publish format-standard has-post-thumbnail hentry category-aktualnosci\">\n\n<div style=\"height:100px\" aria-hidden=\"true\" class=\"wp-block-spacer\"><\/div>\n\n\n\n<hr class=\"wp-block-separator has-css-opacity is-style-wide\"\/>\n\n\n<h3 class=\"has-text-align-center wp-block-post-title\"><a href=\"https:\/\/parafia-jezowsudecki.pl\/index.php\/2025\/07\/22\/wesele-wesel\/\" target=\"_self\" >Wesele wesel<\/a><\/h3>\n\n<div class=\"entry-content wp-block-post-content is-layout-flow wp-block-post-content-is-layout-flow\"><p><img decoding=\"async\" data-src=\"https:\/\/parafia-jezowsudecki.pl\/wp-content\/uploads\/2025\/07\/camscanner-22.07.2025-10.35_1-3-1.jpg\" class=\"size-full wp-image-2137 lazyload\" width=\"687\" height=\"896\" data-srcset=\"https:\/\/parafia-jezowsudecki.pl\/wp-content\/uploads\/2025\/07\/camscanner-22.07.2025-10.35_1-3-1.jpg 687w, https:\/\/parafia-jezowsudecki.pl\/wp-content\/uploads\/2025\/07\/camscanner-22.07.2025-10.35_1-3-1-230x300.jpg 230w\" data-sizes=\"(max-width: 687px) 100vw, 687px\" src=\"data:image\/svg+xml;base64,PHN2ZyB3aWR0aD0iMSIgaGVpZ2h0PSIxIiB4bWxucz0iaHR0cDovL3d3dy53My5vcmcvMjAwMC9zdmciPjwvc3ZnPg==\" style=\"--smush-placeholder-width: 687px; --smush-placeholder-aspect-ratio: 687\/896;\" \/><\/p>\n<\/div>\n<\/li><li class=\"wp-block-post post-1885 post type-post status-publish format-standard has-post-thumbnail hentry category-aktualnosci\">\n\n<div style=\"height:100px\" aria-hidden=\"true\" class=\"wp-block-spacer\"><\/div>\n\n\n\n<hr class=\"wp-block-separator has-css-opacity is-style-wide\"\/>\n\n\n<h3 class=\"has-text-align-center wp-block-post-title\"><a href=\"https:\/\/parafia-jezowsudecki.pl\/index.php\/2025\/01\/05\/plan-wizyty-duszpasterskiej-na-zaproszenie\/\" target=\"_self\" >PLAN WIZYTY DUSZPASTERSKIEJ na zaproszenie<\/a><\/h3>\n\n<div class=\"entry-content wp-block-post-content is-layout-flow wp-block-post-content-is-layout-flow\">\n<p class=\"has-text-align-center\">KOL\u0118DA NA ZAPROSZENIE &#8211; zaproszenie prosz\u0119 sk\u0142ada\u0107 w ko\u015bciele.<br \/>Kol\u0119da rozpoczyna si\u0119 w dni robocze o godz. 16.00 a w soboty o godz. 10.30<br \/>W dni kol\u0119dy msza \u015bw. o godz. 9.30.<\/p>\n\n\n\n<figure class=\"wp-block-image size-full\"><img decoding=\"async\" width=\"933\" height=\"620\" data-src=\"https:\/\/parafia-jezowsudecki.pl\/wp-content\/uploads\/2025\/01\/img_3221-1.jpg\" alt=\"\" class=\"wp-image-1889 lazyload\" data-srcset=\"https:\/\/parafia-jezowsudecki.pl\/wp-content\/uploads\/2025\/01\/img_3221-1.jpg 933w, https:\/\/parafia-jezowsudecki.pl\/wp-content\/uploads\/2025\/01\/img_3221-1-300x199.jpg 300w, https:\/\/parafia-jezowsudecki.pl\/wp-content\/uploads\/2025\/01\/img_3221-1-768x510.jpg 768w\" data-sizes=\"(max-width: 933px) 100vw, 933px\" src=\"data:image\/svg+xml;base64,PHN2ZyB3aWR0aD0iMSIgaGVpZ2h0PSIxIiB4bWxucz0iaHR0cDovL3d3dy53My5vcmcvMjAwMC9zdmciPjwvc3ZnPg==\" style=\"--smush-placeholder-width: 933px; --smush-placeholder-aspect-ratio: 933\/620;\" \/><\/figure>\n\n\n\n<figure class=\"wp-block-image size-full\"><img decoding=\"async\" width=\"1775\" height=\"636\" data-src=\"https:\/\/parafia-jezowsudecki.pl\/wp-content\/uploads\/2025\/01\/img_3330-2-1.jpg\" alt=\"\" class=\"wp-image-1894 lazyload\" data-srcset=\"https:\/\/parafia-jezowsudecki.pl\/wp-content\/uploads\/2025\/01\/img_3330-2-1.jpg 1775w, https:\/\/parafia-jezowsudecki.pl\/wp-content\/uploads\/2025\/01\/img_3330-2-1-300x107.jpg 300w, https:\/\/parafia-jezowsudecki.pl\/wp-content\/uploads\/2025\/01\/img_3330-2-1-1024x367.jpg 1024w, https:\/\/parafia-jezowsudecki.pl\/wp-content\/uploads\/2025\/01\/img_3330-2-1-768x275.jpg 768w, https:\/\/parafia-jezowsudecki.pl\/wp-content\/uploads\/2025\/01\/img_3330-2-1-1536x550.jpg 1536w\" data-sizes=\"(max-width: 1775px) 100vw, 1775px\" src=\"data:image\/svg+xml;base64,PHN2ZyB3aWR0aD0iMSIgaGVpZ2h0PSIxIiB4bWxucz0iaHR0cDovL3d3dy53My5vcmcvMjAwMC9zdmciPjwvc3ZnPg==\" style=\"--smush-placeholder-width: 1775px; --smush-placeholder-aspect-ratio: 1775\/636;\" \/><\/figure>\n\n\n\n<figure class=\"wp-block-image size-large\"><img decoding=\"async\" width=\"1024\" height=\"594\" data-src=\"https:\/\/parafia-jezowsudecki.pl\/wp-content\/uploads\/2025\/01\/img_3511-2-1-1024x594.jpg\" alt=\"\" class=\"wp-image-1920 lazyload\" data-srcset=\"https:\/\/parafia-jezowsudecki.pl\/wp-content\/uploads\/2025\/01\/img_3511-2-1-1024x594.jpg 1024w, https:\/\/parafia-jezowsudecki.pl\/wp-content\/uploads\/2025\/01\/img_3511-2-1-300x174.jpg 300w, https:\/\/parafia-jezowsudecki.pl\/wp-content\/uploads\/2025\/01\/img_3511-2-1-768x445.jpg 768w, https:\/\/parafia-jezowsudecki.pl\/wp-content\/uploads\/2025\/01\/img_3511-2-1.jpg 1288w\" data-sizes=\"(max-width: 1024px) 100vw, 1024px\" src=\"data:image\/svg+xml;base64,PHN2ZyB3aWR0aD0iMSIgaGVpZ2h0PSIxIiB4bWxucz0iaHR0cDovL3d3dy53My5vcmcvMjAwMC9zdmciPjwvc3ZnPg==\" style=\"--smush-placeholder-width: 1024px; --smush-placeholder-aspect-ratio: 1024\/594;\" \/><\/figure>\n<\/div>\n<\/li><li class=\"wp-block-post post-1875 post type-post status-publish format-standard has-post-thumbnail hentry category-aktualnosci\">\n\n<div style=\"height:100px\" aria-hidden=\"true\" class=\"wp-block-spacer\"><\/div>\n\n\n\n<hr class=\"wp-block-separator has-css-opacity is-style-wide\"\/>\n\n\n<h3 class=\"has-text-align-center wp-block-post-title\"><a href=\"https:\/\/parafia-jezowsudecki.pl\/index.php\/2025\/01\/01\/orszak-trzech-kroli-2025\/\" target=\"_self\" >Orszak Trzech Kr\u00f3li 2025<\/a><\/h3>\n\n<div class=\"entry-content wp-block-post-content is-layout-flow wp-block-post-content-is-layout-flow\">\n<figure class=\"wp-block-image size-large\"><img decoding=\"async\" width=\"863\" height=\"1024\" data-src=\"https:\/\/parafia-jezowsudecki.pl\/wp-content\/uploads\/2025\/01\/Plakat_2025-863x1024.jpg\" alt=\"\" class=\"wp-image-1876 lazyload\" data-srcset=\"https:\/\/parafia-jezowsudecki.pl\/wp-content\/uploads\/2025\/01\/Plakat_2025-863x1024.jpg 863w, https:\/\/parafia-jezowsudecki.pl\/wp-content\/uploads\/2025\/01\/Plakat_2025-253x300.jpg 253w, https:\/\/parafia-jezowsudecki.pl\/wp-content\/uploads\/2025\/01\/Plakat_2025-768x911.jpg 768w, https:\/\/parafia-jezowsudecki.pl\/wp-content\/uploads\/2025\/01\/Plakat_2025-1295x1536.jpg 1295w, https:\/\/parafia-jezowsudecki.pl\/wp-content\/uploads\/2025\/01\/Plakat_2025-1727x2048.jpg 1727w\" data-sizes=\"(max-width: 863px) 100vw, 863px\" src=\"data:image\/svg+xml;base64,PHN2ZyB3aWR0aD0iMSIgaGVpZ2h0PSIxIiB4bWxucz0iaHR0cDovL3d3dy53My5vcmcvMjAwMC9zdmciPjwvc3ZnPg==\" style=\"--smush-placeholder-width: 863px; --smush-placeholder-aspect-ratio: 863\/1024;\" \/><\/figure>\n<\/div>\n<\/li><li class=\"wp-block-post post-1835 post type-post status-publish format-standard has-post-thumbnail hentry category-aktualnosci\">\n\n<div style=\"height:100px\" aria-hidden=\"true\" class=\"wp-block-spacer\"><\/div>\n\n\n\n<hr class=\"wp-block-separator has-css-opacity is-style-wide\"\/>\n\n\n<h3 class=\"has-text-align-center wp-block-post-title\"><a href=\"https:\/\/parafia-jezowsudecki.pl\/index.php\/2024\/12\/05\/jarmark-adwentowy-2\/\" target=\"_self\" >Jarmark adwentowy<\/a><\/h3>\n\n<div class=\"entry-content wp-block-post-content is-layout-flow wp-block-post-content-is-layout-flow\">\n<figure class=\"wp-block-image size-full\"><img decoding=\"async\" width=\"1131\" height=\"1600\" data-src=\"https:\/\/parafia-jezowsudecki.pl\/wp-content\/uploads\/2024\/12\/3d0e4243-9940-4db3-ac46-e45c1712a078.jpeg\" alt=\"\" class=\"wp-image-1836 lazyload\" data-srcset=\"https:\/\/parafia-jezowsudecki.pl\/wp-content\/uploads\/2024\/12\/3d0e4243-9940-4db3-ac46-e45c1712a078.jpeg 1131w, https:\/\/parafia-jezowsudecki.pl\/wp-content\/uploads\/2024\/12\/3d0e4243-9940-4db3-ac46-e45c1712a078-212x300.jpeg 212w, https:\/\/parafia-jezowsudecki.pl\/wp-content\/uploads\/2024\/12\/3d0e4243-9940-4db3-ac46-e45c1712a078-724x1024.jpeg 724w, https:\/\/parafia-jezowsudecki.pl\/wp-content\/uploads\/2024\/12\/3d0e4243-9940-4db3-ac46-e45c1712a078-768x1086.jpeg 768w, https:\/\/parafia-jezowsudecki.pl\/wp-content\/uploads\/2024\/12\/3d0e4243-9940-4db3-ac46-e45c1712a078-1086x1536.jpeg 1086w\" data-sizes=\"(max-width: 1131px) 100vw, 1131px\" src=\"data:image\/svg+xml;base64,PHN2ZyB3aWR0aD0iMSIgaGVpZ2h0PSIxIiB4bWxucz0iaHR0cDovL3d3dy53My5vcmcvMjAwMC9zdmciPjwvc3ZnPg==\" style=\"--smush-placeholder-width: 1131px; --smush-placeholder-aspect-ratio: 1131\/1600;\" \/><\/figure>\n<\/div>\n<\/li><li class=\"wp-block-post post-1827 post type-post status-publish format-standard has-post-thumbnail hentry category-aktualnosci\">\n\n<div style=\"height:100px\" aria-hidden=\"true\" class=\"wp-block-spacer\"><\/div>\n\n\n\n<hr class=\"wp-block-separator has-css-opacity is-style-wide\"\/>\n\n\n<h3 class=\"has-text-align-center wp-block-post-title\"><a href=\"https:\/\/parafia-jezowsudecki.pl\/index.php\/2024\/12\/01\/roraty-2024\/\" target=\"_self\" >Roraty 2024<\/a><\/h3>\n\n<div class=\"entry-content wp-block-post-content is-layout-flow wp-block-post-content-is-layout-flow\">\n<figure class=\"wp-block-image size-full\"><img decoding=\"async\" width=\"519\" height=\"600\" data-src=\"https:\/\/parafia-jezowsudecki.pl\/wp-content\/uploads\/2024\/12\/roraty.jpg\" alt=\"\" class=\"wp-image-1832 lazyload\" data-srcset=\"https:\/\/parafia-jezowsudecki.pl\/wp-content\/uploads\/2024\/12\/roraty.jpg 519w, https:\/\/parafia-jezowsudecki.pl\/wp-content\/uploads\/2024\/12\/roraty-260x300.jpg 260w\" data-sizes=\"(max-width: 519px) 100vw, 519px\" src=\"data:image\/svg+xml;base64,PHN2ZyB3aWR0aD0iMSIgaGVpZ2h0PSIxIiB4bWxucz0iaHR0cDovL3d3dy53My5vcmcvMjAwMC9zdmciPjwvc3ZnPg==\" style=\"--smush-placeholder-width: 519px; --smush-placeholder-aspect-ratio: 519\/600;\" \/><\/figure>\n<\/div>\n<\/li><li class=\"wp-block-post post-1809 post type-post status-publish format-standard has-post-thumbnail hentry category-aktualnosci\">\n\n<div style=\"height:100px\" aria-hidden=\"true\" class=\"wp-block-spacer\"><\/div>\n\n\n\n<hr class=\"wp-block-separator has-css-opacity is-style-wide\"\/>\n\n\n<h3 class=\"has-text-align-center wp-block-post-title\"><a href=\"https:\/\/parafia-jezowsudecki.pl\/index.php\/2024\/11\/25\/pielgrzymka-do-rzymu-2025\/\" target=\"_self\" >Pielgrzymka do Rzymu 2025<\/a><\/h3>\n\n<div class=\"entry-content wp-block-post-content is-layout-flow wp-block-post-content-is-layout-flow\">\n<figure class=\"wp-block-image size-full\"><img decoding=\"async\" width=\"1170\" height=\"1572\" data-src=\"https:\/\/parafia-jezowsudecki.pl\/wp-content\/uploads\/2024\/11\/IMG_2705.jpeg\" alt=\"\" class=\"wp-image-1810 lazyload\" data-srcset=\"https:\/\/parafia-jezowsudecki.pl\/wp-content\/uploads\/2024\/11\/IMG_2705.jpeg 1170w, https:\/\/parafia-jezowsudecki.pl\/wp-content\/uploads\/2024\/11\/IMG_2705-223x300.jpeg 223w, https:\/\/parafia-jezowsudecki.pl\/wp-content\/uploads\/2024\/11\/IMG_2705-762x1024.jpeg 762w, https:\/\/parafia-jezowsudecki.pl\/wp-content\/uploads\/2024\/11\/IMG_2705-768x1032.jpeg 768w, https:\/\/parafia-jezowsudecki.pl\/wp-content\/uploads\/2024\/11\/IMG_2705-1143x1536.jpeg 1143w\" data-sizes=\"(max-width: 1170px) 100vw, 1170px\" src=\"data:image\/svg+xml;base64,PHN2ZyB3aWR0aD0iMSIgaGVpZ2h0PSIxIiB4bWxucz0iaHR0cDovL3d3dy53My5vcmcvMjAwMC9zdmciPjwvc3ZnPg==\" style=\"--smush-placeholder-width: 1170px; --smush-placeholder-aspect-ratio: 1170\/1572;\" \/><\/figure>\n\n\n\n<figure class=\"wp-block-image size-full\"><img decoding=\"async\" width=\"1170\" height=\"1542\" data-src=\"https:\/\/parafia-jezowsudecki.pl\/wp-content\/uploads\/2024\/11\/IMG_2706.jpeg\" alt=\"\" class=\"wp-image-1811 lazyload\" data-srcset=\"https:\/\/parafia-jezowsudecki.pl\/wp-content\/uploads\/2024\/11\/IMG_2706.jpeg 1170w, https:\/\/parafia-jezowsudecki.pl\/wp-content\/uploads\/2024\/11\/IMG_2706-228x300.jpeg 228w, https:\/\/parafia-jezowsudecki.pl\/wp-content\/uploads\/2024\/11\/IMG_2706-777x1024.jpeg 777w, https:\/\/parafia-jezowsudecki.pl\/wp-content\/uploads\/2024\/11\/IMG_2706-768x1012.jpeg 768w, https:\/\/parafia-jezowsudecki.pl\/wp-content\/uploads\/2024\/11\/IMG_2706-1165x1536.jpeg 1165w\" data-sizes=\"(max-width: 1170px) 100vw, 1170px\" src=\"data:image\/svg+xml;base64,PHN2ZyB3aWR0aD0iMSIgaGVpZ2h0PSIxIiB4bWxucz0iaHR0cDovL3d3dy53My5vcmcvMjAwMC9zdmciPjwvc3ZnPg==\" style=\"--smush-placeholder-width: 1170px; --smush-placeholder-aspect-ratio: 1170\/1542;\" \/><\/figure>\n<\/div>\n<\/li><li class=\"wp-block-post post-1682 post type-post status-publish format-standard hentry category-aktualnosci\">\n\n<div style=\"height:100px\" aria-hidden=\"true\" class=\"wp-block-spacer\"><\/div>\n\n\n\n<hr class=\"wp-block-separator has-css-opacity is-style-wide\"\/>\n\n\n<h3 class=\"has-text-align-center wp-block-post-title\"><a href=\"https:\/\/parafia-jezowsudecki.pl\/index.php\/2024\/09\/20\/ciasto-dla-strazaka\/\" target=\"_self\" >Ciasto dla Stra\u017caka<\/a><\/h3>\n\n<div class=\"entry-content wp-block-post-content is-layout-flow wp-block-post-content-is-layout-flow\">\n<figure class=\"wp-block-image size-large\"><img decoding=\"async\" data-src=\"https:\/\/parafia-jezowsudecki.pl\/wp-content\/uploads\/2024\/09\/IMG_1939-724x1024.jpeg\" alt=\"\" class=\"wp-image-1683 lazyload\" src=\"data:image\/svg+xml;base64,PHN2ZyB3aWR0aD0iMSIgaGVpZ2h0PSIxIiB4bWxucz0iaHR0cDovL3d3dy53My5vcmcvMjAwMC9zdmciPjwvc3ZnPg==\" style=\"--smush-placeholder-width: 724px; --smush-placeholder-aspect-ratio: 724\/1024;\" \/><\/figure>\n<\/div>\n<\/li><li class=\"wp-block-post post-1496 post type-post status-publish format-standard hentry category-aktualnosci\">\n\n<div style=\"height:100px\" aria-hidden=\"true\" class=\"wp-block-spacer\"><\/div>\n\n\n\n<hr class=\"wp-block-separator has-css-opacity is-style-wide\"\/>\n\n\n<h3 class=\"has-text-align-center wp-block-post-title\"><a href=\"https:\/\/parafia-jezowsudecki.pl\/index.php\/2024\/04\/24\/pielgrzymka-na-malte-wyspe-sw-pawla-apostola-narodow\/\" target=\"_self\" >Pielgrzymka na Malt\u0119 &#8211; wysp\u0119 \u015bw. Paw\u0142a &#8211; Aposto\u0142a Narod\u00f3w-aktualizacja<\/a><\/h3>\n\n<div class=\"entry-content wp-block-post-content is-layout-flow wp-block-post-content-is-layout-flow\">\n<div class=\"wp-block-file\"><a id=\"wp-block-file--media-06d56c0f-c5f2-4e05-9c77-cad48ee46f07\" href=\"https:\/\/parafia-jezowsudecki.pl\/wp-content\/uploads\/2024\/07\/Malta_28.08-04.09.2024_par_Jezow.doc\">Malta_28.08-04.09.2024_par_Jezow<\/a><a href=\"https:\/\/parafia-jezowsudecki.pl\/wp-content\/uploads\/2024\/07\/Malta_28.08-04.09.2024_par_Jezow.doc\" class=\"wp-block-file__button wp-element-button\" download aria-describedby=\"wp-block-file--media-06d56c0f-c5f2-4e05-9c77-cad48ee46f07\">Pobierz<\/a><\/div>\n\n\n\n<div class=\"wp-block-file\"><a id=\"wp-block-file--media-9f686fe3-d98e-4e37-acb2-c560dabe1305\" href=\"https:\/\/parafia-jezowsudecki.pl\/wp-content\/uploads\/2024\/07\/karta_-zgloszenia_Malta_28.08-04.09.2024.doc\">karta_-zgloszenia_Malta_28.08-04.09.2024<\/a><a href=\"https:\/\/parafia-jezowsudecki.pl\/wp-content\/uploads\/2024\/07\/karta_-zgloszenia_Malta_28.08-04.09.2024.doc\" class=\"wp-block-file__button wp-element-button\" download aria-describedby=\"wp-block-file--media-9f686fe3-d98e-4e37-acb2-c560dabe1305\">Pobierz<\/a><\/div>\n\n\n\n<div class=\"wp-block-file\"><a id=\"wp-block-file--media-13a8574f-c6d4-4771-a359-cb8437c451d1\" href=\"https:\/\/parafia-jezowsudecki.pl\/wp-content\/uploads\/2024\/07\/warunki_uczestnictwa_28.08-04.09.2024_Malta_Par_Jezow.docx\">warunki_uczestnictwa_28.08-04.09.2024_Malta_Par_Jezow<\/a><a href=\"https:\/\/parafia-jezowsudecki.pl\/wp-content\/uploads\/2024\/07\/warunki_uczestnictwa_28.08-04.09.2024_Malta_Par_Jezow.docx\" class=\"wp-block-file__button wp-element-button\" download aria-describedby=\"wp-block-file--media-13a8574f-c6d4-4771-a359-cb8437c451d1\">Pobierz<\/a><\/div>\n<\/div>\n<\/li><\/ul><\/div>\n","protected":false},"excerpt":{"rendered":"","protected":false},"author":1,"featured_media":0,"parent":0,"menu_order":0,"comment_status":"closed","ping_status":"closed","template":"","meta":{"_sitemap_exclude":false,"_sitemap_priority":"","_sitemap_frequency":"","_monsterinsights_skip_tracking":false,"_monsterinsights_sitenote_active":false,"_monsterinsights_sitenote_note":"","_monsterinsights_sitenote_category":0,"_uf_show_specific_survey":0,"_uf_disable_surveys":false,"neve_meta_sidebar":"right","neve_meta_container":"","neve_meta_enable_content_width":"","neve_meta_content_width":70,"neve_meta_title_alignment":"","neve_meta_author_avatar":"","neve_post_elements_order":"","neve_meta_disable_header":"","neve_meta_disable_footer":"","neve_meta_disable_title":"","_themeisle_gutenberg_block_has_review":false,"footnotes":""},"class_list":["post-536","page","type-page","status-publish","hentry"],"aioseo_notices":[],"yoast_head":"<!-- This site is optimized with the Yoast SEO plugin v27.5 - https:\/\/yoast.com\/product\/yoast-seo-wordpress\/ -->\n<title>Aktualno\u015bci - PARAFIA \u015aW. MICHA\u0141A ARCHANIO\u0141A W JE\u017bOWIE SUDECKIM<\/title>\n<meta name=\"robots\" content=\"index, follow, max-snippet:-1, max-image-preview:large, max-video-preview:-1\" \/>\n<link rel=\"canonical\" href=\"https:\/\/parafia-jezowsudecki.pl\/index.php\/aktualnosci-2\/\" \/>\n<meta property=\"og:locale\" content=\"pl_PL\" \/>\n<meta property=\"og:type\" content=\"article\" \/>\n<meta property=\"og:title\" content=\"Aktualno\u015bci - PARAFIA \u015aW. MICHA\u0141A ARCHANIO\u0141A W JE\u017bOWIE SUDECKIM\" \/>\n<meta property=\"og:url\" content=\"https:\/\/parafia-jezowsudecki.pl\/index.php\/aktualnosci-2\/\" \/>\n<meta property=\"og:site_name\" content=\"PARAFIA \u015aW. MICHA\u0141A ARCHANIO\u0141A W JE\u017bOWIE SUDECKIM\" \/>\n<meta property=\"article:modified_time\" content=\"2024-04-24T20:33:54+00:00\" \/>\n<meta name=\"twitter:card\" content=\"summary_large_image\" \/>\n<script type=\"application\/ld+json\" class=\"yoast-schema-graph\">{\"@context\":\"https:\\\/\\\/schema.org\",\"@graph\":[{\"@type\":\"WebPage\",\"@id\":\"https:\\\/\\\/parafia-jezowsudecki.pl\\\/index.php\\\/aktualnosci-2\\\/\",\"url\":\"https:\\\/\\\/parafia-jezowsudecki.pl\\\/index.php\\\/aktualnosci-2\\\/\",\"name\":\"Aktualno\u015bci - PARAFIA \u015aW. MICHA\u0141A ARCHANIO\u0141A W JE\u017bOWIE SUDECKIM\",\"isPartOf\":{\"@id\":\"https:\\\/\\\/parafia-jezowsudecki.pl\\\/#website\"},\"datePublished\":\"2022-11-06T21:06:45+00:00\",\"dateModified\":\"2024-04-24T20:33:54+00:00\",\"breadcrumb\":{\"@id\":\"https:\\\/\\\/parafia-jezowsudecki.pl\\\/index.php\\\/aktualnosci-2\\\/#breadcrumb\"},\"inLanguage\":\"pl-PL\",\"potentialAction\":[{\"@type\":\"ReadAction\",\"target\":[\"https:\\\/\\\/parafia-jezowsudecki.pl\\\/index.php\\\/aktualnosci-2\\\/\"]}]},{\"@type\":\"BreadcrumbList\",\"@id\":\"https:\\\/\\\/parafia-jezowsudecki.pl\\\/index.php\\\/aktualnosci-2\\\/#breadcrumb\",\"itemListElement\":[{\"@type\":\"ListItem\",\"position\":1,\"name\":\"Strona g\u0142\u00f3wna\",\"item\":\"https:\\\/\\\/parafia-jezowsudecki.pl\\\/\"},{\"@type\":\"ListItem\",\"position\":2,\"name\":\"Aktualno\u015bci\"}]},{\"@type\":\"WebSite\",\"@id\":\"https:\\\/\\\/parafia-jezowsudecki.pl\\\/#website\",\"url\":\"https:\\\/\\\/parafia-jezowsudecki.pl\\\/\",\"name\":\"PARAFIA \u015aW. MICHA\u0141A ARCHANIO\u0141A W JE\u017bOWIE SUDECKIM\",\"description\":\"Msze \u015awi\u0119te: NIEDZIELE: ko\u015bci\u00f3\u0142 \u015bw. Stanis\u0142awa: 8.00, 10.00, 12.00; ko\u015bci\u00f3\u0142 \u015bw. Micha\u0142a Archanio\u0142a: 17.00. DNI POWSZEDNIE: ko\u015bci\u00f3\u0142 \u015bw. Stanis\u0142awa: 17.50\",\"publisher\":{\"@id\":\"https:\\\/\\\/parafia-jezowsudecki.pl\\\/#organization\"},\"potentialAction\":[{\"@type\":\"SearchAction\",\"target\":{\"@type\":\"EntryPoint\",\"urlTemplate\":\"https:\\\/\\\/parafia-jezowsudecki.pl\\\/?s={search_term_string}\"},\"query-input\":{\"@type\":\"PropertyValueSpecification\",\"valueRequired\":true,\"valueName\":\"search_term_string\"}}],\"inLanguage\":\"pl-PL\"},{\"@type\":\"Organization\",\"@id\":\"https:\\\/\\\/parafia-jezowsudecki.pl\\\/#organization\",\"name\":\"Parafia \u015aw. Micha\u0142a Archanio\u0142a w Je\u017cowie Sudeckim\",\"url\":\"https:\\\/\\\/parafia-jezowsudecki.pl\\\/\",\"logo\":{\"@type\":\"ImageObject\",\"inLanguage\":\"pl-PL\",\"@id\":\"https:\\\/\\\/parafia-jezowsudecki.pl\\\/#\\\/schema\\\/logo\\\/image\\\/\",\"url\":\"https:\\\/\\\/parafia-jezowsudecki.pl\\\/wp-content\\\/uploads\\\/2022\\\/06\\\/image.png\",\"contentUrl\":\"https:\\\/\\\/parafia-jezowsudecki.pl\\\/wp-content\\\/uploads\\\/2022\\\/06\\\/image.png\",\"width\":1165,\"height\":803,\"caption\":\"Parafia \u015aw. Micha\u0142a Archanio\u0142a w Je\u017cowie Sudeckim\"},\"image\":{\"@id\":\"https:\\\/\\\/parafia-jezowsudecki.pl\\\/#\\\/schema\\\/logo\\\/image\\\/\"}}]}<\/script>\n<!-- \/ Yoast SEO plugin. -->","yoast_head_json":{"title":"Aktualno\u015bci - PARAFIA \u015aW. MICHA\u0141A ARCHANIO\u0141A W JE\u017bOWIE SUDECKIM","robots":{"index":"index","follow":"follow","max-snippet":"max-snippet:-1","max-image-preview":"max-image-preview:large","max-video-preview":"max-video-preview:-1"},"canonical":"https:\/\/parafia-jezowsudecki.pl\/index.php\/aktualnosci-2\/","og_locale":"pl_PL","og_type":"article","og_title":"Aktualno\u015bci - PARAFIA \u015aW. MICHA\u0141A ARCHANIO\u0141A W JE\u017bOWIE SUDECKIM","og_url":"https:\/\/parafia-jezowsudecki.pl\/index.php\/aktualnosci-2\/","og_site_name":"PARAFIA \u015aW. MICHA\u0141A ARCHANIO\u0141A W JE\u017bOWIE SUDECKIM","article_modified_time":"2024-04-24T20:33:54+00:00","twitter_card":"summary_large_image","schema":{"@context":"https:\/\/schema.org","@graph":[{"@type":"WebPage","@id":"https:\/\/parafia-jezowsudecki.pl\/index.php\/aktualnosci-2\/","url":"https:\/\/parafia-jezowsudecki.pl\/index.php\/aktualnosci-2\/","name":"Aktualno\u015bci - PARAFIA \u015aW. MICHA\u0141A ARCHANIO\u0141A W JE\u017bOWIE SUDECKIM","isPartOf":{"@id":"https:\/\/parafia-jezowsudecki.pl\/#website"},"datePublished":"2022-11-06T21:06:45+00:00","dateModified":"2024-04-24T20:33:54+00:00","breadcrumb":{"@id":"https:\/\/parafia-jezowsudecki.pl\/index.php\/aktualnosci-2\/#breadcrumb"},"inLanguage":"pl-PL","potentialAction":[{"@type":"ReadAction","target":["https:\/\/parafia-jezowsudecki.pl\/index.php\/aktualnosci-2\/"]}]},{"@type":"BreadcrumbList","@id":"https:\/\/parafia-jezowsudecki.pl\/index.php\/aktualnosci-2\/#breadcrumb","itemListElement":[{"@type":"ListItem","position":1,"name":"Strona g\u0142\u00f3wna","item":"https:\/\/parafia-jezowsudecki.pl\/"},{"@type":"ListItem","position":2,"name":"Aktualno\u015bci"}]},{"@type":"WebSite","@id":"https:\/\/parafia-jezowsudecki.pl\/#website","url":"https:\/\/parafia-jezowsudecki.pl\/","name":"PARAFIA \u015aW. MICHA\u0141A ARCHANIO\u0141A W JE\u017bOWIE SUDECKIM","description":"Msze \u015awi\u0119te: NIEDZIELE: ko\u015bci\u00f3\u0142 \u015bw. Stanis\u0142awa: 8.00, 10.00, 12.00; ko\u015bci\u00f3\u0142 \u015bw. Micha\u0142a Archanio\u0142a: 17.00. DNI POWSZEDNIE: ko\u015bci\u00f3\u0142 \u015bw. Stanis\u0142awa: 17.50","publisher":{"@id":"https:\/\/parafia-jezowsudecki.pl\/#organization"},"potentialAction":[{"@type":"SearchAction","target":{"@type":"EntryPoint","urlTemplate":"https:\/\/parafia-jezowsudecki.pl\/?s={search_term_string}"},"query-input":{"@type":"PropertyValueSpecification","valueRequired":true,"valueName":"search_term_string"}}],"inLanguage":"pl-PL"},{"@type":"Organization","@id":"https:\/\/parafia-jezowsudecki.pl\/#organization","name":"Parafia \u015aw. Micha\u0142a Archanio\u0142a w Je\u017cowie Sudeckim","url":"https:\/\/parafia-jezowsudecki.pl\/","logo":{"@type":"ImageObject","inLanguage":"pl-PL","@id":"https:\/\/parafia-jezowsudecki.pl\/#\/schema\/logo\/image\/","url":"https:\/\/parafia-jezowsudecki.pl\/wp-content\/uploads\/2022\/06\/image.png","contentUrl":"https:\/\/parafia-jezowsudecki.pl\/wp-content\/uploads\/2022\/06\/image.png","width":1165,"height":803,"caption":"Parafia \u015aw. Micha\u0142a Archanio\u0142a w Je\u017cowie Sudeckim"},"image":{"@id":"https:\/\/parafia-jezowsudecki.pl\/#\/schema\/logo\/image\/"}}]}},"_links":{"self":[{"href":"https:\/\/parafia-jezowsudecki.pl\/index.php\/wp-json\/wp\/v2\/pages\/536","targetHints":{"allow":["GET"]}}],"collection":[{"href":"https:\/\/parafia-jezowsudecki.pl\/index.php\/wp-json\/wp\/v2\/pages"}],"about":[{"href":"https:\/\/parafia-jezowsudecki.pl\/index.php\/wp-json\/wp\/v2\/types\/page"}],"author":[{"embeddable":true,"href":"https:\/\/parafia-jezowsudecki.pl\/index.php\/wp-json\/wp\/v2\/users\/1"}],"replies":[{"embeddable":true,"href":"https:\/\/parafia-jezowsudecki.pl\/index.php\/wp-json\/wp\/v2\/comments?post=536"}],"version-history":[{"count":24,"href":"https:\/\/parafia-jezowsudecki.pl\/index.php\/wp-json\/wp\/v2\/pages\/536\/revisions"}],"predecessor-version":[{"id":1515,"href":"https:\/\/parafia-jezowsudecki.pl\/index.php\/wp-json\/wp\/v2\/pages\/536\/revisions\/1515"}],"wp:attachment":[{"href":"https:\/\/parafia-jezowsudecki.pl\/index.php\/wp-json\/wp\/v2\/media?parent=536"}],"curies":[{"name":"wp","href":"https:\/\/api.w.org\/{rel}","templated":true}]}}