{"id":2149,"date":"2025-07-31T07:25:44","date_gmt":"2025-07-31T06:25:44","guid":{"rendered":"https:\/\/parafia-jezowsudecki.pl\/?page_id=2149"},"modified":"2025-07-31T08:15:11","modified_gmt":"2025-07-31T07:15:11","slug":"zywy-rozaniec-rodzicow","status":"publish","type":"page","link":"https:\/\/parafia-jezowsudecki.pl\/index.php\/zywy-rozaniec-rodzicow\/","title":{"rendered":"R\u00f3\u017caniec Rodzic\u00f3w"},"content":{"rendered":"\n<p class=\"has-text-align-center\">Spotkania: I dzie\u0144 miesi\u0105ca po Mszy \u015aw.<\/p>\n\n\n\n<h5 class=\"wp-block-heading has-text-align-center\"><strong>Akt zawierzenia Modlitwy R\u00f3\u017ca\u0144cowej Rodzic\u00f3w w intencji dzieci :<\/strong><\/h5>\n\n\n\n<h6 class=\"wp-block-heading has-text-align-center\">&nbsp;Niepokalana Dziewico Maryjo! Kr\u00f3lowo Rodzin, Kr\u00f3lowo Pokoju Zawierzam Ci swoje dzieci i wszystkie dzieci obj\u0119te modlitw\u0105 w R\u00f3\u017cach R\u00f3\u017ca\u0144cowych rodzic\u00f3w. Przez tajemnice \u017cycia Jezusa i \u015awi\u0119tej Rodziny upro\u015b u Boga \u0142ask\u0119 ochrony tych dzieci przed wszelkim z\u0142em, zw\u0142aszcza tym jakie mo\u017ce wyp\u0142ywa\u0107 ze s\u0142abo\u015bci i grzech\u00f3w rodzicielskich. Ochro\u0144 je p\u0142aszczem swojej mi\u0142o\u015bci i modlitwy, niech pozostan\u0105 niewinne, a te kt\u00f3re zb\u0142\u0105dzi\u0142y, kt\u00f3re do\u015bwiadczaj\u0105 n\u0119dzy grzechu skieruj na drog\u0119 nawr\u00f3cenia. Tobie i tej modlitwie r\u00f3\u017ca\u0144cowej powierzamy drogi ich rozwoju i ufamy \u017ce doprowadzisz je do Jezusa. Niech to dzie\u0142o modlitwy rozwija si\u0119 przynosz\u0105c Mi\u0142o\u015b\u0107 i Pok\u00f3j jaki niesie \u015bwiatu Chrystus, aby jak najwi\u0119cej dzieci, rodzic\u00f3w i rodzin do\u015bwiadczy\u0142o uzdrawiaj\u0105cej mocy Mi\u0142o\u015bci Bo\u017cej. Tobie si\u0119 powierzamy w ca\u0142o\u015bci.<\/h6>\n\n\n\n<figure class=\"wp-block-image alignwide size-full\"><img decoding=\"async\" width=\"2560\" height=\"1805\" data-src=\"https:\/\/parafia-jezowsudecki.pl\/wp-content\/uploads\/2025\/07\/Plan-2025-strona-scaled.jpg\" alt=\"\" class=\"wp-image-2159 lazyload\" data-srcset=\"https:\/\/parafia-jezowsudecki.pl\/wp-content\/uploads\/2025\/07\/Plan-2025-strona-scaled.jpg 2560w, https:\/\/parafia-jezowsudecki.pl\/wp-content\/uploads\/2025\/07\/Plan-2025-strona-300x212.jpg 300w, https:\/\/parafia-jezowsudecki.pl\/wp-content\/uploads\/2025\/07\/Plan-2025-strona-1024x722.jpg 1024w, https:\/\/parafia-jezowsudecki.pl\/wp-content\/uploads\/2025\/07\/Plan-2025-strona-768x542.jpg 768w, https:\/\/parafia-jezowsudecki.pl\/wp-content\/uploads\/2025\/07\/Plan-2025-strona-1536x1083.jpg 1536w, https:\/\/parafia-jezowsudecki.pl\/wp-content\/uploads\/2025\/07\/Plan-2025-strona-2048x1444.jpg 2048w\" data-sizes=\"(max-width: 2560px) 100vw, 2560px\" src=\"data:image\/svg+xml;base64,PHN2ZyB3aWR0aD0iMSIgaGVpZ2h0PSIxIiB4bWxucz0iaHR0cDovL3d3dy53My5vcmcvMjAwMC9zdmciPjwvc3ZnPg==\" style=\"--smush-placeholder-width: 2560px; --smush-placeholder-aspect-ratio: 2560\/1805;\" \/><\/figure>\n\n\n\n<div data-wp-interactive=\"core\/file\" class=\"wp-block-file\"><object data-wp-bind--hidden=\"!state.hasPdfPreview\" hidden class=\"wp-block-file__embed\" data=\"https:\/\/parafia-jezowsudecki.pl\/wp-content\/uploads\/2025\/07\/rozwazania_rozaniec_rodzicow_1.pdf\" type=\"application\/pdf\" style=\"width:100%;height:600px\" aria-label=\"Osadzone z rozwazania_rozaniec_rodzicow_1.\"><\/object><a id=\"wp-block-file--media-673e23c0-8344-4715-ac97-e34eae02e66a\" href=\"https:\/\/parafia-jezowsudecki.pl\/wp-content\/uploads\/2025\/07\/rozwazania_rozaniec_rodzicow_1.pdf\">rozwazania_rozaniec_rodzicow_1<\/a><a href=\"https:\/\/parafia-jezowsudecki.pl\/wp-content\/uploads\/2025\/07\/rozwazania_rozaniec_rodzicow_1.pdf\" class=\"wp-block-file__button wp-element-button\" download aria-describedby=\"wp-block-file--media-673e23c0-8344-4715-ac97-e34eae02e66a\">Pobierz<\/a><\/div>\n","protected":false},"excerpt":{"rendered":"<p>Spotkania: I dzie\u0144 miesi\u0105ca po Mszy \u015aw. Akt zawierzenia Modlitwy R\u00f3\u017ca\u0144cowej Rodzic\u00f3w w intencji dzieci : &nbsp;Niepokalana Dziewico Maryjo! Kr\u00f3lowo Rodzin, Kr\u00f3lowo Pokoju Zawierzam Ci swoje dzieci i wszystkie dzieci obj\u0119te modlitw\u0105 w R\u00f3\u017cach R\u00f3\u017ca\u0144cowych rodzic\u00f3w. Przez tajemnice \u017cycia Jezusa i \u015awi\u0119tej Rodziny upro\u015b u Boga \u0142ask\u0119 ochrony tych dzieci przed wszelkim z\u0142em, zw\u0142aszcza tym&hellip;&nbsp;<a href=\"https:\/\/parafia-jezowsudecki.pl\/index.php\/zywy-rozaniec-rodzicow\/\" rel=\"bookmark\">Dowiedz si\u0119 wi\u0119cej &raquo;<span class=\"screen-reader-text\">R\u00f3\u017caniec Rodzic\u00f3w<\/span><\/a><\/p>\n","protected":false},"author":1,"featured_media":0,"parent":0,"menu_order":0,"comment_status":"closed","ping_status":"closed","template":"","meta":{"_sitemap_exclude":false,"_sitemap_priority":"","_sitemap_frequency":"","_monsterinsights_skip_tracking":false,"_monsterinsights_sitenote_active":false,"_monsterinsights_sitenote_note":"","_monsterinsights_sitenote_category":0,"_uf_show_specific_survey":0,"_uf_disable_surveys":false,"neve_meta_sidebar":"","neve_meta_container":"","neve_meta_enable_content_width":"","neve_meta_content_width":0,"neve_meta_title_alignment":"","neve_meta_author_avatar":"","neve_post_elements_order":"","neve_meta_disable_header":"","neve_meta_disable_footer":"","neve_meta_disable_title":"","_themeisle_gutenberg_block_has_review":false,"footnotes":""},"class_list":["post-2149","page","type-page","status-publish","hentry"],"aioseo_notices":[],"yoast_head":"<!-- This site is optimized with the Yoast SEO plugin v27.5 - https:\/\/yoast.com\/product\/yoast-seo-wordpress\/ -->\n<title>R\u00f3\u017caniec Rodzic\u00f3w - PARAFIA \u015aW. MICHA\u0141A ARCHANIO\u0141A W JE\u017bOWIE SUDECKIM<\/title>\n<meta name=\"robots\" content=\"index, follow, max-snippet:-1, max-image-preview:large, max-video-preview:-1\" \/>\n<link rel=\"canonical\" href=\"https:\/\/parafia-jezowsudecki.pl\/index.php\/zywy-rozaniec-rodzicow\/\" \/>\n<meta property=\"og:locale\" content=\"pl_PL\" \/>\n<meta property=\"og:type\" content=\"article\" \/>\n<meta property=\"og:title\" content=\"R\u00f3\u017caniec Rodzic\u00f3w - PARAFIA \u015aW. MICHA\u0141A ARCHANIO\u0141A W JE\u017bOWIE SUDECKIM\" \/>\n<meta property=\"og:description\" content=\"Spotkania: I dzie\u0144 miesi\u0105ca po Mszy \u015aw. Akt zawierzenia Modlitwy R\u00f3\u017ca\u0144cowej Rodzic\u00f3w w intencji dzieci : &nbsp;Niepokalana Dziewico Maryjo! Kr\u00f3lowo Rodzin, Kr\u00f3lowo Pokoju Zawierzam Ci swoje dzieci i wszystkie dzieci obj\u0119te modlitw\u0105 w R\u00f3\u017cach R\u00f3\u017ca\u0144cowych rodzic\u00f3w. Przez tajemnice \u017cycia Jezusa i \u015awi\u0119tej Rodziny upro\u015b u Boga \u0142ask\u0119 ochrony tych dzieci przed wszelkim z\u0142em, zw\u0142aszcza tym&hellip;&nbsp;Dowiedz si\u0119 wi\u0119cej &raquo;R\u00f3\u017caniec Rodzic\u00f3w\" \/>\n<meta property=\"og:url\" content=\"https:\/\/parafia-jezowsudecki.pl\/index.php\/zywy-rozaniec-rodzicow\/\" \/>\n<meta property=\"og:site_name\" content=\"PARAFIA \u015aW. MICHA\u0141A ARCHANIO\u0141A W JE\u017bOWIE SUDECKIM\" \/>\n<meta property=\"article:modified_time\" content=\"2025-07-31T07:15:11+00:00\" \/>\n<meta property=\"og:image\" content=\"https:\/\/parafia-jezowsudecki.pl\/wp-content\/uploads\/2025\/07\/Plan-2025-strona-scaled.jpg\" \/>\n\t<meta property=\"og:image:width\" content=\"2560\" \/>\n\t<meta property=\"og:image:height\" content=\"1805\" \/>\n\t<meta property=\"og:image:type\" content=\"image\/jpeg\" \/>\n<meta name=\"twitter:card\" content=\"summary_large_image\" \/>\n<meta name=\"twitter:label1\" content=\"Szacowany czas czytania\" \/>\n\t<meta name=\"twitter:data1\" content=\"2 minuty\" \/>\n<script type=\"application\/ld+json\" class=\"yoast-schema-graph\">{\"@context\":\"https:\\\/\\\/schema.org\",\"@graph\":[{\"@type\":\"WebPage\",\"@id\":\"https:\\\/\\\/parafia-jezowsudecki.pl\\\/index.php\\\/zywy-rozaniec-rodzicow\\\/\",\"url\":\"https:\\\/\\\/parafia-jezowsudecki.pl\\\/index.php\\\/zywy-rozaniec-rodzicow\\\/\",\"name\":\"R\u00f3\u017caniec Rodzic\u00f3w - PARAFIA \u015aW. MICHA\u0141A ARCHANIO\u0141A W JE\u017bOWIE SUDECKIM\",\"isPartOf\":{\"@id\":\"https:\\\/\\\/parafia-jezowsudecki.pl\\\/#website\"},\"primaryImageOfPage\":{\"@id\":\"https:\\\/\\\/parafia-jezowsudecki.pl\\\/index.php\\\/zywy-rozaniec-rodzicow\\\/#primaryimage\"},\"image\":{\"@id\":\"https:\\\/\\\/parafia-jezowsudecki.pl\\\/index.php\\\/zywy-rozaniec-rodzicow\\\/#primaryimage\"},\"thumbnailUrl\":\"https:\\\/\\\/parafia-jezowsudecki.pl\\\/wp-content\\\/uploads\\\/2025\\\/07\\\/Plan-2025-strona-scaled.jpg\",\"datePublished\":\"2025-07-31T06:25:44+00:00\",\"dateModified\":\"2025-07-31T07:15:11+00:00\",\"breadcrumb\":{\"@id\":\"https:\\\/\\\/parafia-jezowsudecki.pl\\\/index.php\\\/zywy-rozaniec-rodzicow\\\/#breadcrumb\"},\"inLanguage\":\"pl-PL\",\"potentialAction\":[{\"@type\":\"ReadAction\",\"target\":[\"https:\\\/\\\/parafia-jezowsudecki.pl\\\/index.php\\\/zywy-rozaniec-rodzicow\\\/\"]}]},{\"@type\":\"ImageObject\",\"inLanguage\":\"pl-PL\",\"@id\":\"https:\\\/\\\/parafia-jezowsudecki.pl\\\/index.php\\\/zywy-rozaniec-rodzicow\\\/#primaryimage\",\"url\":\"https:\\\/\\\/parafia-jezowsudecki.pl\\\/wp-content\\\/uploads\\\/2025\\\/07\\\/Plan-2025-strona-scaled.jpg\",\"contentUrl\":\"https:\\\/\\\/parafia-jezowsudecki.pl\\\/wp-content\\\/uploads\\\/2025\\\/07\\\/Plan-2025-strona-scaled.jpg\",\"width\":2560,\"height\":1805},{\"@type\":\"BreadcrumbList\",\"@id\":\"https:\\\/\\\/parafia-jezowsudecki.pl\\\/index.php\\\/zywy-rozaniec-rodzicow\\\/#breadcrumb\",\"itemListElement\":[{\"@type\":\"ListItem\",\"position\":1,\"name\":\"Strona g\u0142\u00f3wna\",\"item\":\"https:\\\/\\\/parafia-jezowsudecki.pl\\\/\"},{\"@type\":\"ListItem\",\"position\":2,\"name\":\"R\u00f3\u017caniec Rodzic\u00f3w\"}]},{\"@type\":\"WebSite\",\"@id\":\"https:\\\/\\\/parafia-jezowsudecki.pl\\\/#website\",\"url\":\"https:\\\/\\\/parafia-jezowsudecki.pl\\\/\",\"name\":\"PARAFIA \u015aW. MICHA\u0141A ARCHANIO\u0141A W JE\u017bOWIE SUDECKIM\",\"description\":\"Msze \u015awi\u0119te: NIEDZIELE: ko\u015bci\u00f3\u0142 \u015bw. Stanis\u0142awa: 8.00, 10.00, 12.00; ko\u015bci\u00f3\u0142 \u015bw. Micha\u0142a Archanio\u0142a: 17.00. DNI POWSZEDNIE: ko\u015bci\u00f3\u0142 \u015bw. Stanis\u0142awa: 17.50\",\"publisher\":{\"@id\":\"https:\\\/\\\/parafia-jezowsudecki.pl\\\/#organization\"},\"potentialAction\":[{\"@type\":\"SearchAction\",\"target\":{\"@type\":\"EntryPoint\",\"urlTemplate\":\"https:\\\/\\\/parafia-jezowsudecki.pl\\\/?s={search_term_string}\"},\"query-input\":{\"@type\":\"PropertyValueSpecification\",\"valueRequired\":true,\"valueName\":\"search_term_string\"}}],\"inLanguage\":\"pl-PL\"},{\"@type\":\"Organization\",\"@id\":\"https:\\\/\\\/parafia-jezowsudecki.pl\\\/#organization\",\"name\":\"Parafia \u015aw. Micha\u0142a Archanio\u0142a w Je\u017cowie Sudeckim\",\"url\":\"https:\\\/\\\/parafia-jezowsudecki.pl\\\/\",\"logo\":{\"@type\":\"ImageObject\",\"inLanguage\":\"pl-PL\",\"@id\":\"https:\\\/\\\/parafia-jezowsudecki.pl\\\/#\\\/schema\\\/logo\\\/image\\\/\",\"url\":\"https:\\\/\\\/parafia-jezowsudecki.pl\\\/wp-content\\\/uploads\\\/2022\\\/06\\\/image.png\",\"contentUrl\":\"https:\\\/\\\/parafia-jezowsudecki.pl\\\/wp-content\\\/uploads\\\/2022\\\/06\\\/image.png\",\"width\":1165,\"height\":803,\"caption\":\"Parafia \u015aw. Micha\u0142a Archanio\u0142a w Je\u017cowie Sudeckim\"},\"image\":{\"@id\":\"https:\\\/\\\/parafia-jezowsudecki.pl\\\/#\\\/schema\\\/logo\\\/image\\\/\"}}]}<\/script>\n<!-- \/ Yoast SEO plugin. -->","yoast_head_json":{"title":"R\u00f3\u017caniec Rodzic\u00f3w - PARAFIA \u015aW. MICHA\u0141A ARCHANIO\u0141A W JE\u017bOWIE SUDECKIM","robots":{"index":"index","follow":"follow","max-snippet":"max-snippet:-1","max-image-preview":"max-image-preview:large","max-video-preview":"max-video-preview:-1"},"canonical":"https:\/\/parafia-jezowsudecki.pl\/index.php\/zywy-rozaniec-rodzicow\/","og_locale":"pl_PL","og_type":"article","og_title":"R\u00f3\u017caniec Rodzic\u00f3w - PARAFIA \u015aW. MICHA\u0141A ARCHANIO\u0141A W JE\u017bOWIE SUDECKIM","og_description":"Spotkania: I dzie\u0144 miesi\u0105ca po Mszy \u015aw. Akt zawierzenia Modlitwy R\u00f3\u017ca\u0144cowej Rodzic\u00f3w w intencji dzieci : &nbsp;Niepokalana Dziewico Maryjo! Kr\u00f3lowo Rodzin, Kr\u00f3lowo Pokoju Zawierzam Ci swoje dzieci i wszystkie dzieci obj\u0119te modlitw\u0105 w R\u00f3\u017cach R\u00f3\u017ca\u0144cowych rodzic\u00f3w. Przez tajemnice \u017cycia Jezusa i \u015awi\u0119tej Rodziny upro\u015b u Boga \u0142ask\u0119 ochrony tych dzieci przed wszelkim z\u0142em, zw\u0142aszcza tym&hellip;&nbsp;Dowiedz si\u0119 wi\u0119cej &raquo;R\u00f3\u017caniec Rodzic\u00f3w","og_url":"https:\/\/parafia-jezowsudecki.pl\/index.php\/zywy-rozaniec-rodzicow\/","og_site_name":"PARAFIA \u015aW. MICHA\u0141A ARCHANIO\u0141A W JE\u017bOWIE SUDECKIM","article_modified_time":"2025-07-31T07:15:11+00:00","og_image":[{"width":2560,"height":1805,"url":"https:\/\/parafia-jezowsudecki.pl\/wp-content\/uploads\/2025\/07\/Plan-2025-strona-scaled.jpg","type":"image\/jpeg"}],"twitter_card":"summary_large_image","twitter_misc":{"Szacowany czas czytania":"2 minuty"},"schema":{"@context":"https:\/\/schema.org","@graph":[{"@type":"WebPage","@id":"https:\/\/parafia-jezowsudecki.pl\/index.php\/zywy-rozaniec-rodzicow\/","url":"https:\/\/parafia-jezowsudecki.pl\/index.php\/zywy-rozaniec-rodzicow\/","name":"R\u00f3\u017caniec Rodzic\u00f3w - PARAFIA \u015aW. MICHA\u0141A ARCHANIO\u0141A W JE\u017bOWIE SUDECKIM","isPartOf":{"@id":"https:\/\/parafia-jezowsudecki.pl\/#website"},"primaryImageOfPage":{"@id":"https:\/\/parafia-jezowsudecki.pl\/index.php\/zywy-rozaniec-rodzicow\/#primaryimage"},"image":{"@id":"https:\/\/parafia-jezowsudecki.pl\/index.php\/zywy-rozaniec-rodzicow\/#primaryimage"},"thumbnailUrl":"https:\/\/parafia-jezowsudecki.pl\/wp-content\/uploads\/2025\/07\/Plan-2025-strona-scaled.jpg","datePublished":"2025-07-31T06:25:44+00:00","dateModified":"2025-07-31T07:15:11+00:00","breadcrumb":{"@id":"https:\/\/parafia-jezowsudecki.pl\/index.php\/zywy-rozaniec-rodzicow\/#breadcrumb"},"inLanguage":"pl-PL","potentialAction":[{"@type":"ReadAction","target":["https:\/\/parafia-jezowsudecki.pl\/index.php\/zywy-rozaniec-rodzicow\/"]}]},{"@type":"ImageObject","inLanguage":"pl-PL","@id":"https:\/\/parafia-jezowsudecki.pl\/index.php\/zywy-rozaniec-rodzicow\/#primaryimage","url":"https:\/\/parafia-jezowsudecki.pl\/wp-content\/uploads\/2025\/07\/Plan-2025-strona-scaled.jpg","contentUrl":"https:\/\/parafia-jezowsudecki.pl\/wp-content\/uploads\/2025\/07\/Plan-2025-strona-scaled.jpg","width":2560,"height":1805},{"@type":"BreadcrumbList","@id":"https:\/\/parafia-jezowsudecki.pl\/index.php\/zywy-rozaniec-rodzicow\/#breadcrumb","itemListElement":[{"@type":"ListItem","position":1,"name":"Strona g\u0142\u00f3wna","item":"https:\/\/parafia-jezowsudecki.pl\/"},{"@type":"ListItem","position":2,"name":"R\u00f3\u017caniec Rodzic\u00f3w"}]},{"@type":"WebSite","@id":"https:\/\/parafia-jezowsudecki.pl\/#website","url":"https:\/\/parafia-jezowsudecki.pl\/","name":"PARAFIA \u015aW. MICHA\u0141A ARCHANIO\u0141A W JE\u017bOWIE SUDECKIM","description":"Msze \u015awi\u0119te: NIEDZIELE: ko\u015bci\u00f3\u0142 \u015bw. Stanis\u0142awa: 8.00, 10.00, 12.00; ko\u015bci\u00f3\u0142 \u015bw. Micha\u0142a Archanio\u0142a: 17.00. DNI POWSZEDNIE: ko\u015bci\u00f3\u0142 \u015bw. Stanis\u0142awa: 17.50","publisher":{"@id":"https:\/\/parafia-jezowsudecki.pl\/#organization"},"potentialAction":[{"@type":"SearchAction","target":{"@type":"EntryPoint","urlTemplate":"https:\/\/parafia-jezowsudecki.pl\/?s={search_term_string}"},"query-input":{"@type":"PropertyValueSpecification","valueRequired":true,"valueName":"search_term_string"}}],"inLanguage":"pl-PL"},{"@type":"Organization","@id":"https:\/\/parafia-jezowsudecki.pl\/#organization","name":"Parafia \u015aw. Micha\u0142a Archanio\u0142a w Je\u017cowie Sudeckim","url":"https:\/\/parafia-jezowsudecki.pl\/","logo":{"@type":"ImageObject","inLanguage":"pl-PL","@id":"https:\/\/parafia-jezowsudecki.pl\/#\/schema\/logo\/image\/","url":"https:\/\/parafia-jezowsudecki.pl\/wp-content\/uploads\/2022\/06\/image.png","contentUrl":"https:\/\/parafia-jezowsudecki.pl\/wp-content\/uploads\/2022\/06\/image.png","width":1165,"height":803,"caption":"Parafia \u015aw. Micha\u0142a Archanio\u0142a w Je\u017cowie Sudeckim"},"image":{"@id":"https:\/\/parafia-jezowsudecki.pl\/#\/schema\/logo\/image\/"}}]}},"_links":{"self":[{"href":"https:\/\/parafia-jezowsudecki.pl\/index.php\/wp-json\/wp\/v2\/pages\/2149","targetHints":{"allow":["GET"]}}],"collection":[{"href":"https:\/\/parafia-jezowsudecki.pl\/index.php\/wp-json\/wp\/v2\/pages"}],"about":[{"href":"https:\/\/parafia-jezowsudecki.pl\/index.php\/wp-json\/wp\/v2\/types\/page"}],"author":[{"embeddable":true,"href":"https:\/\/parafia-jezowsudecki.pl\/index.php\/wp-json\/wp\/v2\/users\/1"}],"replies":[{"embeddable":true,"href":"https:\/\/parafia-jezowsudecki.pl\/index.php\/wp-json\/wp\/v2\/comments?post=2149"}],"version-history":[{"count":5,"href":"https:\/\/parafia-jezowsudecki.pl\/index.php\/wp-json\/wp\/v2\/pages\/2149\/revisions"}],"predecessor-version":[{"id":2163,"href":"https:\/\/parafia-jezowsudecki.pl\/index.php\/wp-json\/wp\/v2\/pages\/2149\/revisions\/2163"}],"wp:attachment":[{"href":"https:\/\/parafia-jezowsudecki.pl\/index.php\/wp-json\/wp\/v2\/media?parent=2149"}],"curies":[{"name":"wp","href":"https:\/\/api.w.org\/{rel}","templated":true}]}}